{"id":11251,"date":"2022-01-24T10:27:16","date_gmt":"2022-01-24T08:27:16","guid":{"rendered":"https:\/\/www.aranhostel.cat\/historia\/"},"modified":"2023-03-17T09:06:45","modified_gmt":"2023-03-17T07:06:45","slug":"historia","status":"publish","type":"page","link":"https:\/\/www.aranhostel.cat\/es\/historia\/","title":{"rendered":"Historia"},"content":{"rendered":"\t\t<div data-elementor-type=\"wp-page\" data-elementor-id=\"11251\" class=\"elementor elementor-11251 elementor-9156\" data-elementor-post-type=\"page\">\n\t\t\t\t\t\t<section class=\"elementor-section elementor-top-section elementor-element elementor-element-6262c074 elementor-section-boxed elementor-section-height-default elementor-section-height-default\" data-id=\"6262c074\" data-element_type=\"section\" data-e-type=\"section\">\n\t\t\t\t\t\t<div class=\"elementor-container elementor-column-gap-default\">\n\t\t\t\t\t<div class=\"elementor-column elementor-col-50 elementor-top-column elementor-element elementor-element-713be026\" data-id=\"713be026\" data-element_type=\"column\" data-e-type=\"column\">\n\t\t\t<div class=\"elementor-widget-wrap elementor-element-populated\">\n\t\t\t\t\t\t<div class=\"elementor-element elementor-element-fe5016a subtith1 elementor-widget elementor-widget-text-editor\" data-id=\"fe5016a\" data-element_type=\"widget\" data-e-type=\"widget\" data-widget_type=\"text-editor.default\">\n\t\t\t\t<div class=\"elementor-widget-container\">\n\t\t\t\t\t\t\t\t\t<h1>Historia Aran Hostel<\/h1>\t\t\t\t\t\t\t\t<\/div>\n\t\t\t\t<\/div>\n\t\t\t\t<div class=\"elementor-element elementor-element-41234a5 title2 elementor-widget elementor-widget-heading\" data-id=\"41234a5\" data-element_type=\"widget\" data-e-type=\"widget\" data-widget_type=\"heading.default\">\n\t\t\t\t<div class=\"elementor-widget-container\">\n\t\t\t\t\t<h2 class=\"elementor-heading-title elementor-size-default\">Xalet Juli Soler i Santal\u00f3<\/h2>\t\t\t\t<\/div>\n\t\t\t\t<\/div>\n\t\t\t\t<div class=\"elementor-element elementor-element-21d0c785 elementor-widget elementor-widget-text-editor\" data-id=\"21d0c785\" data-element_type=\"widget\" data-e-type=\"widget\" data-widget_type=\"text-editor.default\">\n\t\t\t\t<div class=\"elementor-widget-container\">\n\t\t\t\t\t\t\t\t\t<p>El chalet Juli Soler i Santal\u00f3 fue inaugurado en 1971 en Salard\u00fa despu\u00e9s de dos a\u00f1os de obras que fueron financiadas con las aportaciones de los socios y socias del Centro Excursionista de Catalunya (CEC).<\/p>\t\t\t\t\t\t\t\t<\/div>\n\t\t\t\t<\/div>\n\t\t\t\t\t<\/div>\n\t\t<\/div>\n\t\t\t\t<div class=\"elementor-column elementor-col-50 elementor-top-column elementor-element elementor-element-b7a8c00\" data-id=\"b7a8c00\" data-element_type=\"column\" data-e-type=\"column\">\n\t\t\t<div class=\"elementor-widget-wrap elementor-element-populated\">\n\t\t\t\t\t\t<div class=\"elementor-element elementor-element-12875f9 dsts elementor-widget elementor-widget-text-editor\" data-id=\"12875f9\" data-element_type=\"widget\" data-e-type=\"widget\" data-widget_type=\"text-editor.default\">\n\t\t\t\t<div class=\"elementor-widget-container\">\n\t\t\t\t\t\t\t\t\t<p>Situado a 1274 metros de altitud, forma parte de la red de refugios y chalets del CEC.<\/p>\t\t\t\t\t\t\t\t<\/div>\n\t\t\t\t<\/div>\n\t\t\t\t\t<\/div>\n\t\t<\/div>\n\t\t\t\t\t<\/div>\n\t\t<\/section>\n\t\t\t\t<section class=\"elementor-section elementor-top-section elementor-element elementor-element-a46b04a elementor-section-boxed elementor-section-height-default elementor-section-height-default\" data-id=\"a46b04a\" data-element_type=\"section\" data-e-type=\"section\">\n\t\t\t\t\t\t<div class=\"elementor-container elementor-column-gap-default\">\n\t\t\t\t\t<div class=\"elementor-column elementor-col-50 elementor-top-column elementor-element elementor-element-a8a256d\" data-id=\"a8a256d\" data-element_type=\"column\" data-e-type=\"column\">\n\t\t\t<div class=\"elementor-widget-wrap elementor-element-populated\">\n\t\t\t\t\t\t<div class=\"elementor-element elementor-element-df2798b elementor-widget elementor-widget-image\" data-id=\"df2798b\" data-element_type=\"widget\" data-e-type=\"widget\" data-widget_type=\"image.default\">\n\t\t\t\t<div class=\"elementor-widget-container\">\n\t\t\t\t\t\t\t\t\t\t\t\t<figure class=\"wp-caption\">\n\t\t\t\t\t\t\t\t\t\t<img fetchpriority=\"high\" decoding=\"async\" width=\"1140\" height=\"704\" src=\"https:\/\/www.aranhostel.cat\/wp-content\/uploads\/2023\/02\/inauguracio-xalet-aran-hostel.jpg\" class=\"attachment-full size-full wp-image-10513\" alt=\"\" srcset=\"https:\/\/www.aranhostel.cat\/wp-content\/uploads\/2023\/02\/inauguracio-xalet-aran-hostel.jpg 1140w, https:\/\/www.aranhostel.cat\/wp-content\/uploads\/2023\/02\/inauguracio-xalet-aran-hostel-768x474.jpg 768w, https:\/\/www.aranhostel.cat\/wp-content\/uploads\/2023\/02\/inauguracio-xalet-aran-hostel-600x370.jpg 600w\" sizes=\"(max-width: 1140px) 100vw, 1140px\" \/>\t\t\t\t\t\t\t\t\t\t\t<figcaption class=\"widget-image-caption wp-caption-text\">1971, Inauguraci\u00f3n<\/figcaption>\n\t\t\t\t\t\t\t\t\t\t<\/figure>\n\t\t\t\t\t\t\t\t\t<\/div>\n\t\t\t\t<\/div>\n\t\t\t\t\t<\/div>\n\t\t<\/div>\n\t\t\t\t<div class=\"elementor-column elementor-col-50 elementor-top-column elementor-element elementor-element-9feeb8c\" data-id=\"9feeb8c\" data-element_type=\"column\" data-e-type=\"column\">\n\t\t\t<div class=\"elementor-widget-wrap elementor-element-populated\">\n\t\t\t\t\t\t<div class=\"elementor-element elementor-element-40cdcde elementor-widget elementor-widget-image\" data-id=\"40cdcde\" data-element_type=\"widget\" data-e-type=\"widget\" data-widget_type=\"image.default\">\n\t\t\t\t<div class=\"elementor-widget-container\">\n\t\t\t\t\t\t\t\t\t\t\t\t<figure class=\"wp-caption\">\n\t\t\t\t\t\t\t\t\t\t<img decoding=\"async\" width=\"1140\" height=\"704\" src=\"https:\/\/www.aranhostel.cat\/wp-content\/uploads\/2023\/02\/aran-hostel-val-aran-salardu.jpg\" class=\"attachment-full size-full wp-image-10517\" alt=\"\" srcset=\"https:\/\/www.aranhostel.cat\/wp-content\/uploads\/2023\/02\/aran-hostel-val-aran-salardu.jpg 1140w, https:\/\/www.aranhostel.cat\/wp-content\/uploads\/2023\/02\/aran-hostel-val-aran-salardu-768x474.jpg 768w, https:\/\/www.aranhostel.cat\/wp-content\/uploads\/2023\/02\/aran-hostel-val-aran-salardu-600x370.jpg 600w\" sizes=\"(max-width: 1140px) 100vw, 1140px\" \/>\t\t\t\t\t\t\t\t\t\t\t<figcaption class=\"widget-image-caption wp-caption-text\">2023, Estado actual<\/figcaption>\n\t\t\t\t\t\t\t\t\t\t<\/figure>\n\t\t\t\t\t\t\t\t\t<\/div>\n\t\t\t\t<\/div>\n\t\t\t\t\t<\/div>\n\t\t<\/div>\n\t\t\t\t\t<\/div>\n\t\t<\/section>\n\t\t\t\t<section class=\"elementor-section elementor-top-section elementor-element elementor-element-44af9d3 elementor-section-full_width elementor-section-height-default elementor-section-height-default\" data-id=\"44af9d3\" data-element_type=\"section\" data-e-type=\"section\" data-settings=\"{&quot;background_background&quot;:&quot;classic&quot;}\">\n\t\t\t\t\t\t<div class=\"elementor-container elementor-column-gap-default\">\n\t\t\t\t\t<div class=\"elementor-column elementor-col-100 elementor-top-column elementor-element elementor-element-6f4321b\" data-id=\"6f4321b\" data-element_type=\"column\" data-e-type=\"column\">\n\t\t\t<div class=\"elementor-widget-wrap elementor-element-populated\">\n\t\t\t\t\t\t<section class=\"elementor-section elementor-inner-section elementor-element elementor-element-af007b1 elementor-section-boxed elementor-section-height-default elementor-section-height-default\" data-id=\"af007b1\" data-element_type=\"section\" data-e-type=\"section\">\n\t\t\t\t\t\t<div class=\"elementor-container elementor-column-gap-default\">\n\t\t\t\t\t<div class=\"elementor-column elementor-col-50 elementor-inner-column elementor-element elementor-element-569b84b\" data-id=\"569b84b\" data-element_type=\"column\" data-e-type=\"column\">\n\t\t\t<div class=\"elementor-widget-wrap elementor-element-populated\">\n\t\t\t\t\t\t<div class=\"elementor-element elementor-element-7b55fd1 elementor-widget elementor-widget-image\" data-id=\"7b55fd1\" data-element_type=\"widget\" data-e-type=\"widget\" data-widget_type=\"image.default\">\n\t\t\t\t<div class=\"elementor-widget-container\">\n\t\t\t\t\t\t\t\t\t\t\t\t\t\t\t<img decoding=\"async\" width=\"1140\" height=\"704\" src=\"https:\/\/www.aranhostel.cat\/wp-content\/uploads\/2023\/02\/juli-soler-santalo-aran-hostel.jpg\" class=\"attachment-full size-full wp-image-10515\" alt=\"\" srcset=\"https:\/\/www.aranhostel.cat\/wp-content\/uploads\/2023\/02\/juli-soler-santalo-aran-hostel.jpg 1140w, https:\/\/www.aranhostel.cat\/wp-content\/uploads\/2023\/02\/juli-soler-santalo-aran-hostel-768x474.jpg 768w, https:\/\/www.aranhostel.cat\/wp-content\/uploads\/2023\/02\/juli-soler-santalo-aran-hostel-600x370.jpg 600w\" sizes=\"(max-width: 1140px) 100vw, 1140px\" \/>\t\t\t\t\t\t\t\t\t\t\t\t\t\t\t<\/div>\n\t\t\t\t<\/div>\n\t\t\t\t\t<\/div>\n\t\t<\/div>\n\t\t\t\t<div class=\"elementor-column elementor-col-50 elementor-inner-column elementor-element elementor-element-421901d\" data-id=\"421901d\" data-element_type=\"column\" data-e-type=\"column\">\n\t\t\t<div class=\"elementor-widget-wrap elementor-element-populated\">\n\t\t\t\t\t\t<div class=\"elementor-element elementor-element-d88f670 title2 wh elementor-widget elementor-widget-heading\" data-id=\"d88f670\" data-element_type=\"widget\" data-e-type=\"widget\" data-widget_type=\"heading.default\">\n\t\t\t\t<div class=\"elementor-widget-container\">\n\t\t\t\t\t<p class=\"elementor-heading-title elementor-size-default\">\u00bfY por qu\u00e9 lleva el nombre de Juli Soler i Santal\u00f3?<\/p>\t\t\t\t<\/div>\n\t\t\t\t<\/div>\n\t\t\t\t<div class=\"elementor-element elementor-element-be771f3 wh elementor-widget elementor-widget-text-editor\" data-id=\"be771f3\" data-element_type=\"widget\" data-e-type=\"widget\" data-widget_type=\"text-editor.default\">\n\t\t\t\t<div class=\"elementor-widget-container\">\n\t\t\t\t\t\t\t\t\t<p>Juli Soler i Santal\u00f3 fue un ingeniero, fot\u00f3grafo, socio del CEC y un gran monta\u00f1ero apasionado y enamorado de la alta monta\u00f1a. M\u00e1s concretamente por las monta\u00f1as del Vall d&#8217;Aran, la Maladeta y del Pallars.<br \/><br \/><\/p><p>Tan elevado era su conocimiento de la zona que en 1906 public\u00f3 la primera gu\u00eda de la comarca con el t\u00edtulo de La Vall d&#8217;Aran. Gu\u00eda monogr\u00e1fica de la comarca. Y un a\u00f1o m\u00e1s tarde, en 1907, cre\u00f3 la estaci\u00f3n meteorol\u00f3gica de Vielha.<br \/><br \/><\/p><p>Fue el impulsor del refugio de la Renclusa (inaugurado en 1916) al pie del Aneto, la cima m\u00e1s alta del Pirineo.<\/p>\t\t\t\t\t\t\t\t<\/div>\n\t\t\t\t<\/div>\n\t\t\t\t\t<\/div>\n\t\t<\/div>\n\t\t\t\t\t<\/div>\n\t\t<\/section>\n\t\t\t\t\t<\/div>\n\t\t<\/div>\n\t\t\t\t\t<\/div>\n\t\t<\/section>\n\t\t\t\t<section class=\"elementor-section elementor-top-section elementor-element elementor-element-eb718d1 elementor-section-boxed elementor-section-height-default elementor-section-height-default\" data-id=\"eb718d1\" data-element_type=\"section\" data-e-type=\"section\">\n\t\t\t\t\t\t<div class=\"elementor-container elementor-column-gap-default\">\n\t\t\t\t\t<div class=\"elementor-column elementor-col-100 elementor-top-column elementor-element elementor-element-9a7eb0e\" data-id=\"9a7eb0e\" data-element_type=\"column\" data-e-type=\"column\">\n\t\t\t<div class=\"elementor-widget-wrap elementor-element-populated\">\n\t\t\t\t\t\t<div class=\"elementor-element elementor-element-5a86279 title2 elementor-widget elementor-widget-heading\" data-id=\"5a86279\" data-element_type=\"widget\" data-e-type=\"widget\" data-widget_type=\"heading.default\">\n\t\t\t\t<div class=\"elementor-widget-container\">\n\t\t\t\t\t<p class=\"elementor-heading-title elementor-size-default\">Centro Excursionista de Catalunya<\/p>\t\t\t\t<\/div>\n\t\t\t\t<\/div>\n\t\t\t\t<section class=\"elementor-section elementor-inner-section elementor-element elementor-element-ce56159 elementor-section-boxed elementor-section-height-default elementor-section-height-default\" data-id=\"ce56159\" data-element_type=\"section\" data-e-type=\"section\">\n\t\t\t\t\t\t<div class=\"elementor-container elementor-column-gap-default\">\n\t\t\t\t\t<div class=\"elementor-column elementor-col-50 elementor-inner-column elementor-element elementor-element-f1be11f\" data-id=\"f1be11f\" data-element_type=\"column\" data-e-type=\"column\">\n\t\t\t<div class=\"elementor-widget-wrap elementor-element-populated\">\n\t\t\t\t\t\t<div class=\"elementor-element elementor-element-52777a8 elementor-widget elementor-widget-text-editor\" data-id=\"52777a8\" data-element_type=\"widget\" data-e-type=\"widget\" data-widget_type=\"text-editor.default\">\n\t\t\t\t<div class=\"elementor-widget-container\">\n\t\t\t\t\t\t\t\t\t<p><strong>El Centro Excursionista de Catalunya (CEC) es una entidad deportiva y cultural fundada en 1876 que cuenta, en la actualidad, con m\u00e1s de 3.500 socios y un total de 7 equipamientos en el territorio.<\/strong><\/p>\t\t\t\t\t\t\t\t<\/div>\n\t\t\t\t<\/div>\n\t\t\t\t<div class=\"elementor-element elementor-element-ae64959 elementor-widget elementor-widget-text-editor\" data-id=\"ae64959\" data-element_type=\"widget\" data-e-type=\"widget\" data-widget_type=\"text-editor.default\">\n\t\t\t\t<div class=\"elementor-widget-container\">\n\t\t\t\t\t\t\t\t\t<p>En 1877 se alquila en Barcelona, en el coraz\u00f3n del Barrio G\u00f3tico (en el punto m\u00e1s alto de la Barcino romana), el segundo piso de un edificio del siglo XV donde emerg\u00edan los capiteles de tres columnas romanas del templo de Augusto, del siglo I.<\/p>\t\t\t\t\t\t\t\t<\/div>\n\t\t\t\t<\/div>\n\t\t\t\t<div class=\"elementor-element elementor-element-0084da8 elementor-widget elementor-widget-text-editor\" data-id=\"0084da8\" data-element_type=\"widget\" data-e-type=\"widget\" data-widget_type=\"text-editor.default\">\n\t\t\t\t<div class=\"elementor-widget-container\">\n\t\t\t\t\t\t\t\t\t<p>En este espacio es donde todav\u00eda se encuentra la sede social del Centro Excursionista de Catalu\u00f1a, despu\u00e9s de que en 1904 se dejaron al descubierto, por las obras de reforma del espacio encabezadas por Domenech y Montaner, totalmente las tres columnas del templo de Augusto, en lo alto del monte T\u00e1ber de la Barcino romana, dando al local la caracter\u00edstica \u00fanica que hoy mantiene con orgullo. Desde 1904 el CEC se organiza en secciones, y entre ellas la Secci\u00f3n de Deportes de Monta\u00f1a populariz\u00f3 el alpinismo y los deportes de nieve.<br \/><br \/>Entre sus socios destacan nombres como Pompeu Fabra, Jacint Verdaguer, C\u00e9sar August Torras, \u00c0ngel Guimer\u00e0, Santiago Rusi\u00f1ol, Josep Puig y Cadafalch, Dom\u00e8nech y Montaner, entre otros muchos.<\/p>\t\t\t\t\t\t\t\t<\/div>\n\t\t\t\t<\/div>\n\t\t\t\t\t<\/div>\n\t\t<\/div>\n\t\t\t\t<div class=\"elementor-column elementor-col-50 elementor-inner-column elementor-element elementor-element-cc3b9d5\" data-id=\"cc3b9d5\" data-element_type=\"column\" data-e-type=\"column\">\n\t\t\t<div class=\"elementor-widget-wrap elementor-element-populated\">\n\t\t\t\t\t\t<div class=\"elementor-element elementor-element-059e203 elementor-widget elementor-widget-image\" data-id=\"059e203\" data-element_type=\"widget\" data-e-type=\"widget\" data-widget_type=\"image.default\">\n\t\t\t\t<div class=\"elementor-widget-container\">\n\t\t\t\t\t\t\t\t\t\t\t\t\t\t\t<img decoding=\"async\" src=\"https:\/\/www.aranhostel.cat\/wp-content\/uploads\/2023\/03\/historia-cec-aran-hostel.jpg\" title=\"historia-cec-aran-hostel\" alt=\"historia-cec-aran-hostel\" loading=\"lazy\" \/>\t\t\t\t\t\t\t\t\t\t\t\t\t\t\t<\/div>\n\t\t\t\t<\/div>\n\t\t\t\t\t<\/div>\n\t\t<\/div>\n\t\t\t\t\t<\/div>\n\t\t<\/section>\n\t\t\t\t\t<\/div>\n\t\t<\/div>\n\t\t\t\t\t<\/div>\n\t\t<\/section>\n\t\t\t\t<section class=\"elementor-section elementor-top-section elementor-element elementor-element-faddd26 elementor-section-full_width hiddenrow elementor-section-height-default elementor-section-height-default\" data-id=\"faddd26\" data-element_type=\"section\" data-e-type=\"section\">\n\t\t\t\t\t\t<div class=\"elementor-container elementor-column-gap-no\">\n\t\t\t\t\t<div class=\"elementor-column elementor-col-100 elementor-top-column elementor-element elementor-element-3c9a8bfa\" data-id=\"3c9a8bfa\" data-element_type=\"column\" data-e-type=\"column\">\n\t\t\t<div class=\"elementor-widget-wrap elementor-element-populated\">\n\t\t\t\t\t\t<div class=\"elementor-element elementor-element-74665c5f elementor-widget elementor-widget-st_sliders\" data-id=\"74665c5f\" data-element_type=\"widget\" data-e-type=\"widget\" data-widget_type=\"st_sliders.default\">\n\t\t\t\t<div class=\"elementor-widget-container\">\n\t\t\t\t\t        <div class=\"st-sliders style-1\" data-effect=\"creative\" data-slides-per-view=\"\" data-pagination=\"on\" data-navigation=\"on\" data-auto-play=\"off\" data-loop=\"true\" data-delay=\"\" data-center-slider=\"on\" data-style-slider=\"style-1\" data-space-between=\"30\" >\r\n            <div class=\"swiper-container\">\r\n                <div class=\"swiper-wrapper\">\r\n                                                <div class=\"swiper-slide\">\r\n                                <img decoding=\"async\" class=\"swiper-lazy\" src=\"https:\/\/homap-elementor.travelerwp.com\/wp-content\/uploads\/2022\/01\/gallary_6-1.jpg\" alt=\"Aran Hostel\">\r\n                            <\/div>\r\n                                                    <div class=\"swiper-slide\">\r\n                                <img decoding=\"async\" class=\"swiper-lazy\" src=\"https:\/\/homap-elementor.travelerwp.com\/wp-content\/uploads\/2022\/01\/gallary_5-1.jpg\" alt=\"Aran Hostel\">\r\n                            <\/div>\r\n                                                    <div class=\"swiper-slide\">\r\n                                <img decoding=\"async\" class=\"swiper-lazy\" src=\"https:\/\/homap-elementor.travelerwp.com\/wp-content\/uploads\/2022\/01\/gallary_4-1-1.jpg\" alt=\"Aran Hostel\">\r\n                            <\/div>\r\n                                                    <div class=\"swiper-slide\">\r\n                                <img decoding=\"async\" class=\"swiper-lazy\" src=\"https:\/\/homap-elementor.travelerwp.com\/wp-content\/uploads\/2022\/01\/gallary_3.jpg\" alt=\"Aran Hostel\">\r\n                            <\/div>\r\n                                                    <div class=\"swiper-slide\">\r\n                                <img decoding=\"async\" class=\"swiper-lazy\" src=\"https:\/\/homap-elementor.travelerwp.com\/wp-content\/uploads\/2022\/01\/gallary_2.jpg\" alt=\"Aran Hostel\">\r\n                            <\/div>\r\n                                                    <div class=\"swiper-slide\">\r\n                                <img decoding=\"async\" class=\"swiper-lazy\" src=\"https:\/\/homap-elementor.travelerwp.com\/wp-content\/uploads\/2022\/01\/gallary_1.jpg\" alt=\"Aran Hostel\">\r\n                            <\/div>\r\n                                        <\/div>\r\n\r\n\t\t\t\t<div class=\"swiper-pagination\"><\/div><div class=\"st-button-prev\"><span><\/span><\/div><div class=\"st-button-next\"><span><\/span><\/div>            <\/div>\r\n        <\/div>\r\n    \t\t\t\t<\/div>\n\t\t\t\t<\/div>\n\t\t\t\t<section class=\"elementor-section elementor-inner-section elementor-element elementor-element-8deb9c2 elementor-section-boxed elementor-section-height-default elementor-section-height-default\" data-id=\"8deb9c2\" data-element_type=\"section\" data-e-type=\"section\">\n\t\t\t\t\t\t<div class=\"elementor-container elementor-column-gap-default\">\n\t\t\t\t\t<div class=\"elementor-column elementor-col-33 elementor-inner-column elementor-element elementor-element-8c72c47\" data-id=\"8c72c47\" data-element_type=\"column\" data-e-type=\"column\">\n\t\t\t<div class=\"elementor-widget-wrap\">\n\t\t\t\t\t\t\t<\/div>\n\t\t<\/div>\n\t\t\t\t<div class=\"elementor-column elementor-col-33 elementor-inner-column elementor-element elementor-element-c57b5d0\" data-id=\"c57b5d0\" data-element_type=\"column\" data-e-type=\"column\">\n\t\t\t<div class=\"elementor-widget-wrap elementor-element-populated\">\n\t\t\t\t\t\t<div class=\"elementor-element elementor-element-3942d69 elementor-widget elementor-widget-heading\" data-id=\"3942d69\" data-element_type=\"widget\" data-e-type=\"widget\" data-widget_type=\"heading.default\">\n\t\t\t\t<div class=\"elementor-widget-container\">\n\t\t\t\t\t<h2 class=\"elementor-heading-title elementor-size-default\">Life at Traveler<\/h2>\t\t\t\t<\/div>\n\t\t\t\t<\/div>\n\t\t\t\t<div class=\"elementor-element elementor-element-92380fb elementor-align-center elementor-widget elementor-widget-button\" data-id=\"92380fb\" data-element_type=\"widget\" data-e-type=\"widget\" data-widget_type=\"button.default\">\n\t\t\t\t<div class=\"elementor-widget-container\">\n\t\t\t\t\t\t\t\t\t<div class=\"elementor-button-wrapper\">\n\t\t\t\t\t<a class=\"elementor-button elementor-button-link elementor-size-sm\" href=\"#\">\n\t\t\t\t\t\t<span class=\"elementor-button-content-wrapper\">\n\t\t\t\t\t\t\t\t\t<span class=\"elementor-button-text\">Join Our Team<\/span>\n\t\t\t\t\t<\/span>\n\t\t\t\t\t<\/a>\n\t\t\t\t<\/div>\n\t\t\t\t\t\t\t\t<\/div>\n\t\t\t\t<\/div>\n\t\t\t\t\t<\/div>\n\t\t<\/div>\n\t\t\t\t<div class=\"elementor-column elementor-col-33 elementor-inner-column elementor-element elementor-element-790572f\" data-id=\"790572f\" data-element_type=\"column\" data-e-type=\"column\">\n\t\t\t<div class=\"elementor-widget-wrap\">\n\t\t\t\t\t\t\t<\/div>\n\t\t<\/div>\n\t\t\t\t\t<\/div>\n\t\t<\/section>\n\t\t\t\t\t<\/div>\n\t\t<\/div>\n\t\t\t\t\t<\/div>\n\t\t<\/section>\n\t\t\t\t<\/div>\n\t\t","protected":false},"excerpt":{"rendered":"<p>Historia Aran Hostel Xalet Juli Soler i Santal\u00f3 El chalet Juli Soler i Santal\u00f3 fue inaugurado en 1971 en Salard\u00fa despu\u00e9s de dos a\u00f1os de obras que fueron financiadas con las aportaciones de los socios y socias del Centro Excursionista de Catalunya (CEC). Situado a 1274 metros de altitud, forma parte de la red de [&hellip;]<\/p>\n","protected":false},"author":1,"featured_media":10511,"parent":0,"menu_order":0,"comment_status":"closed","ping_status":"closed","template":"template-fullwidth.php","meta":{"footnotes":""},"class_list":["post-11251","page","type-page","status-publish","has-post-thumbnail","hentry"],"yoast_head":"<!-- This site is optimized with the Yoast SEO plugin v27.4 - https:\/\/yoast.com\/product\/yoast-seo-wordpress\/ -->\n<title>Historia - Aran Hostel<\/title>\n<meta name=\"robots\" content=\"index, follow, max-snippet:-1, max-image-preview:large, max-video-preview:-1\" \/>\n<link rel=\"canonical\" href=\"https:\/\/www.aranhostel.cat\/es\/historia\/\" \/>\n<meta property=\"og:locale\" content=\"es_ES\" \/>\n<meta property=\"og:type\" content=\"article\" \/>\n<meta property=\"og:title\" content=\"Historia - Aran Hostel\" \/>\n<meta property=\"og:description\" content=\"Historia Aran Hostel Xalet Juli Soler i Santal\u00f3 El chalet Juli Soler i Santal\u00f3 fue inaugurado en 1971 en Salard\u00fa despu\u00e9s de dos a\u00f1os de obras que fueron financiadas con las aportaciones de los socios y socias del Centro Excursionista de Catalunya (CEC). Situado a 1274 metros de altitud, forma parte de la red de [&hellip;]\" \/>\n<meta property=\"og:url\" content=\"https:\/\/www.aranhostel.cat\/es\/historia\/\" \/>\n<meta property=\"og:site_name\" content=\"Aran Hostel\" \/>\n<meta property=\"article:modified_time\" content=\"2023-03-17T07:06:45+00:00\" \/>\n<meta property=\"og:image\" content=\"https:\/\/www.aranhostel.cat\/wp-content\/uploads\/2023\/02\/back-title.jpg\" \/>\n\t<meta property=\"og:image:width\" content=\"1141\" \/>\n\t<meta property=\"og:image:height\" content=\"370\" \/>\n\t<meta property=\"og:image:type\" content=\"image\/jpeg\" \/>\n<meta name=\"twitter:card\" content=\"summary_large_image\" \/>\n<meta name=\"twitter:label1\" content=\"Tiempo de lectura\" \/>\n\t<meta name=\"twitter:data1\" content=\"7 minutos\" \/>\n<script type=\"application\/ld+json\" class=\"yoast-schema-graph\">{\"@context\":\"https:\\\/\\\/schema.org\",\"@graph\":[{\"@type\":\"WebPage\",\"@id\":\"https:\\\/\\\/www.aranhostel.cat\\\/es\\\/historia\\\/\",\"url\":\"https:\\\/\\\/www.aranhostel.cat\\\/es\\\/historia\\\/\",\"name\":\"Historia - Aran Hostel\",\"isPartOf\":{\"@id\":\"https:\\\/\\\/www.aranhostel.cat\\\/#website\"},\"primaryImageOfPage\":{\"@id\":\"https:\\\/\\\/www.aranhostel.cat\\\/es\\\/historia\\\/#primaryimage\"},\"image\":{\"@id\":\"https:\\\/\\\/www.aranhostel.cat\\\/es\\\/historia\\\/#primaryimage\"},\"thumbnailUrl\":\"https:\\\/\\\/www.aranhostel.cat\\\/wp-content\\\/uploads\\\/2023\\\/02\\\/back-title.jpg\",\"datePublished\":\"2022-01-24T08:27:16+00:00\",\"dateModified\":\"2023-03-17T07:06:45+00:00\",\"breadcrumb\":{\"@id\":\"https:\\\/\\\/www.aranhostel.cat\\\/es\\\/historia\\\/#breadcrumb\"},\"inLanguage\":\"es\",\"potentialAction\":[{\"@type\":\"ReadAction\",\"target\":[\"https:\\\/\\\/www.aranhostel.cat\\\/es\\\/historia\\\/\"]}]},{\"@type\":\"ImageObject\",\"inLanguage\":\"es\",\"@id\":\"https:\\\/\\\/www.aranhostel.cat\\\/es\\\/historia\\\/#primaryimage\",\"url\":\"https:\\\/\\\/www.aranhostel.cat\\\/wp-content\\\/uploads\\\/2023\\\/02\\\/back-title.jpg\",\"contentUrl\":\"https:\\\/\\\/www.aranhostel.cat\\\/wp-content\\\/uploads\\\/2023\\\/02\\\/back-title.jpg\",\"width\":1141,\"height\":370},{\"@type\":\"BreadcrumbList\",\"@id\":\"https:\\\/\\\/www.aranhostel.cat\\\/es\\\/historia\\\/#breadcrumb\",\"itemListElement\":[{\"@type\":\"ListItem\",\"position\":1,\"name\":\"Home\",\"item\":\"https:\\\/\\\/www.aranhostel.cat\\\/es\\\/\"},{\"@type\":\"ListItem\",\"position\":2,\"name\":\"Historia\"}]},{\"@type\":\"WebSite\",\"@id\":\"https:\\\/\\\/www.aranhostel.cat\\\/#website\",\"url\":\"https:\\\/\\\/www.aranhostel.cat\\\/\",\"name\":\"Aran Hostel\",\"description\":\"Al\u00f3jate en el coraz\u00f3n del Valle de Ar\u00e1n\",\"alternateName\":\"Allotja\u2019t al cor de la Vall d\u2019Aran\",\"potentialAction\":[{\"@type\":\"SearchAction\",\"target\":{\"@type\":\"EntryPoint\",\"urlTemplate\":\"https:\\\/\\\/www.aranhostel.cat\\\/?s={search_term_string}\"},\"query-input\":{\"@type\":\"PropertyValueSpecification\",\"valueRequired\":true,\"valueName\":\"search_term_string\"}}],\"inLanguage\":\"es\"}]}<\/script>\n<!-- \/ Yoast SEO plugin. -->","yoast_head_json":{"title":"Historia - Aran Hostel","robots":{"index":"index","follow":"follow","max-snippet":"max-snippet:-1","max-image-preview":"max-image-preview:large","max-video-preview":"max-video-preview:-1"},"canonical":"https:\/\/www.aranhostel.cat\/es\/historia\/","og_locale":"es_ES","og_type":"article","og_title":"Historia - Aran Hostel","og_description":"Historia Aran Hostel Xalet Juli Soler i Santal\u00f3 El chalet Juli Soler i Santal\u00f3 fue inaugurado en 1971 en Salard\u00fa despu\u00e9s de dos a\u00f1os de obras que fueron financiadas con las aportaciones de los socios y socias del Centro Excursionista de Catalunya (CEC). Situado a 1274 metros de altitud, forma parte de la red de [&hellip;]","og_url":"https:\/\/www.aranhostel.cat\/es\/historia\/","og_site_name":"Aran Hostel","article_modified_time":"2023-03-17T07:06:45+00:00","og_image":[{"width":1141,"height":370,"url":"https:\/\/www.aranhostel.cat\/wp-content\/uploads\/2023\/02\/back-title.jpg","type":"image\/jpeg"}],"twitter_card":"summary_large_image","twitter_misc":{"Tiempo de lectura":"7 minutos"},"schema":{"@context":"https:\/\/schema.org","@graph":[{"@type":"WebPage","@id":"https:\/\/www.aranhostel.cat\/es\/historia\/","url":"https:\/\/www.aranhostel.cat\/es\/historia\/","name":"Historia - Aran Hostel","isPartOf":{"@id":"https:\/\/www.aranhostel.cat\/#website"},"primaryImageOfPage":{"@id":"https:\/\/www.aranhostel.cat\/es\/historia\/#primaryimage"},"image":{"@id":"https:\/\/www.aranhostel.cat\/es\/historia\/#primaryimage"},"thumbnailUrl":"https:\/\/www.aranhostel.cat\/wp-content\/uploads\/2023\/02\/back-title.jpg","datePublished":"2022-01-24T08:27:16+00:00","dateModified":"2023-03-17T07:06:45+00:00","breadcrumb":{"@id":"https:\/\/www.aranhostel.cat\/es\/historia\/#breadcrumb"},"inLanguage":"es","potentialAction":[{"@type":"ReadAction","target":["https:\/\/www.aranhostel.cat\/es\/historia\/"]}]},{"@type":"ImageObject","inLanguage":"es","@id":"https:\/\/www.aranhostel.cat\/es\/historia\/#primaryimage","url":"https:\/\/www.aranhostel.cat\/wp-content\/uploads\/2023\/02\/back-title.jpg","contentUrl":"https:\/\/www.aranhostel.cat\/wp-content\/uploads\/2023\/02\/back-title.jpg","width":1141,"height":370},{"@type":"BreadcrumbList","@id":"https:\/\/www.aranhostel.cat\/es\/historia\/#breadcrumb","itemListElement":[{"@type":"ListItem","position":1,"name":"Home","item":"https:\/\/www.aranhostel.cat\/es\/"},{"@type":"ListItem","position":2,"name":"Historia"}]},{"@type":"WebSite","@id":"https:\/\/www.aranhostel.cat\/#website","url":"https:\/\/www.aranhostel.cat\/","name":"Aran Hostel","description":"Al\u00f3jate en el coraz\u00f3n del Valle de Ar\u00e1n","alternateName":"Allotja\u2019t al cor de la Vall d\u2019Aran","potentialAction":[{"@type":"SearchAction","target":{"@type":"EntryPoint","urlTemplate":"https:\/\/www.aranhostel.cat\/?s={search_term_string}"},"query-input":{"@type":"PropertyValueSpecification","valueRequired":true,"valueName":"search_term_string"}}],"inLanguage":"es"}]}},"_links":{"self":[{"href":"https:\/\/www.aranhostel.cat\/es\/wp-json\/wp\/v2\/pages\/11251","targetHints":{"allow":["GET"]}}],"collection":[{"href":"https:\/\/www.aranhostel.cat\/es\/wp-json\/wp\/v2\/pages"}],"about":[{"href":"https:\/\/www.aranhostel.cat\/es\/wp-json\/wp\/v2\/types\/page"}],"author":[{"embeddable":true,"href":"https:\/\/www.aranhostel.cat\/es\/wp-json\/wp\/v2\/users\/1"}],"replies":[{"embeddable":true,"href":"https:\/\/www.aranhostel.cat\/es\/wp-json\/wp\/v2\/comments?post=11251"}],"version-history":[{"count":34,"href":"https:\/\/www.aranhostel.cat\/es\/wp-json\/wp\/v2\/pages\/11251\/revisions"}],"predecessor-version":[{"id":12499,"href":"https:\/\/www.aranhostel.cat\/es\/wp-json\/wp\/v2\/pages\/11251\/revisions\/12499"}],"wp:featuredmedia":[{"embeddable":true,"href":"https:\/\/www.aranhostel.cat\/es\/wp-json\/wp\/v2\/media\/10511"}],"wp:attachment":[{"href":"https:\/\/www.aranhostel.cat\/es\/wp-json\/wp\/v2\/media?parent=11251"}],"curies":[{"name":"wp","href":"https:\/\/api.w.org\/{rel}","templated":true}]}}