{"id":14165,"date":"2024-03-15T13:57:21","date_gmt":"2024-03-15T11:57:21","guid":{"rendered":"https:\/\/www.aranhostel.cat\/?page_id=14165"},"modified":"2024-03-22T14:33:49","modified_gmt":"2024-03-22T12:33:49","slug":"aran-summer-camp","status":"publish","type":"page","link":"https:\/\/www.aranhostel.cat\/es\/aran-summer-camp\/","title":{"rendered":"Aran Summer Camp"},"content":{"rendered":"\t\t<div data-elementor-type=\"wp-page\" data-elementor-id=\"14165\" class=\"elementor elementor-14165\" data-elementor-post-type=\"page\">\n\t\t\t\t\t\t<section class=\"elementor-section elementor-top-section elementor-element elementor-element-6262c074 elementor-section-boxed elementor-section-height-default elementor-section-height-default\" data-id=\"6262c074\" data-element_type=\"section\" data-e-type=\"section\">\n\t\t\t\t\t\t<div class=\"elementor-container elementor-column-gap-default\">\n\t\t\t\t\t<div class=\"elementor-column elementor-col-50 elementor-top-column elementor-element elementor-element-713be026\" data-id=\"713be026\" data-element_type=\"column\" data-e-type=\"column\">\n\t\t\t<div class=\"elementor-widget-wrap elementor-element-populated\">\n\t\t\t\t\t\t<div class=\"elementor-element elementor-element-17579dd subtith1 elementor-widget elementor-widget-text-editor\" data-id=\"17579dd\" data-element_type=\"widget\" data-e-type=\"widget\" data-widget_type=\"text-editor.default\">\n\t\t\t\t<div class=\"elementor-widget-container\">\n\t\t\t\t\t\t\t\t\t<h1>ACTIVIDADES<\/h1>\t\t\t\t\t\t\t\t<\/div>\n\t\t\t\t<\/div>\n\t\t\t\t<div class=\"elementor-element elementor-element-41f9d89b title2 elementor-widget elementor-widget-heading\" data-id=\"41f9d89b\" data-element_type=\"widget\" data-e-type=\"widget\" data-widget_type=\"heading.default\">\n\t\t\t\t<div class=\"elementor-widget-container\">\n\t\t\t\t\t<h2 class=\"elementor-heading-title elementor-size-default\">Aventura en el coraz\u00f3n de los Pirineos: 5 d\u00edas inolvidables de monta\u00f1a, naturaleza y amistad, en ingl\u00e9s!<\/h2>\t\t\t\t<\/div>\n\t\t\t\t<\/div>\n\t\t\t\t<div class=\"elementor-element elementor-element-21d0c785 elementor-widget elementor-widget-text-editor\" data-id=\"21d0c785\" data-element_type=\"widget\" data-e-type=\"widget\" data-widget_type=\"text-editor.default\">\n\t\t\t\t<div class=\"elementor-widget-container\">\n\t\t\t\t\t\t\t\t\t<p><strong>\u00bfBusc\u00e1is disfrutar de monta\u00f1a y naturaleza estas vacaciones de verano, rodeados de un paisaje id\u00edlico y amigos? \u00a1Os esperamos! El ingl\u00e9s ser\u00e1 la lengua vinclar que nos conectar\u00e1 en nuestras aventuras diarias.<\/strong><\/p>\t\t\t\t\t\t\t\t<\/div>\n\t\t\t\t<\/div>\n\t\t\t\t<div class=\"elementor-element elementor-element-48b8237 elementor-widget elementor-widget-text-editor\" data-id=\"48b8237\" data-element_type=\"widget\" data-e-type=\"widget\" data-widget_type=\"text-editor.default\">\n\t\t\t\t<div class=\"elementor-widget-container\">\n\t\t\t\t\t\t\t\t\t<p style=\"text-align: left;\">5 d\u00edas de desconexi\u00f3n en la Val d&#8217;Aran, donde llevaremos a cabo diferentes actividades relacionadas con los deportes de monta\u00f1a y con la naturaleza, haciendo amistades de todas partes y practicando d\u00eda a d\u00eda el ingl\u00e9s.<\/p>\t\t\t\t\t\t\t\t<\/div>\n\t\t\t\t<\/div>\n\t\t\t\t<div class=\"elementor-element elementor-element-6dd05df elementor-widget elementor-widget-text-editor\" data-id=\"6dd05df\" data-element_type=\"widget\" data-e-type=\"widget\" data-widget_type=\"text-editor.default\">\n\t\t\t\t<div class=\"elementor-widget-container\">\n\t\t\t\t\t\t\t\t\t<ul><li><span style=\"color: #009972;\"><strong>FECHAS:<\/strong><\/span> del 26 al 30 de junio (con pernocta)<\/li><\/ul><ul><li><span style=\"color: #009972;\"><strong>LOCALIZACI\u00d3N:<\/strong><\/span> Aran Hostel (Salard\u00fa &#8211; Val d&#8217;Aran).\u00a0<\/li><li><span style=\"color: #009972;\"><strong>EDAD:<\/strong><\/span> de 13 a 17 a\u00f1os.<\/li><\/ul>\t\t\t\t\t\t\t\t<\/div>\n\t\t\t\t<\/div>\n\t\t\t\t<div class=\"elementor-element elementor-element-7bca0d5 elementor-align-left elementor-widget elementor-widget-button\" data-id=\"7bca0d5\" data-element_type=\"widget\" data-e-type=\"widget\" data-widget_type=\"button.default\">\n\t\t\t\t<div class=\"elementor-widget-container\">\n\t\t\t\t\t\t\t\t\t<div class=\"elementor-button-wrapper\">\n\t\t\t\t\t<a class=\"elementor-button elementor-button-link elementor-size-sm\" href=\"https:\/\/cec.clupik.app\/ca\/registrations\/14345\">\n\t\t\t\t\t\t<span class=\"elementor-button-content-wrapper\">\n\t\t\t\t\t\t<span class=\"elementor-button-icon\">\n\t\t\t\t<i aria-hidden=\"true\" class=\"fas fa-pen\"><\/i>\t\t\t<\/span>\n\t\t\t\t\t\t\t\t\t<span class=\"elementor-button-text\">Inscripciones abiertas!<\/span>\n\t\t\t\t\t<\/span>\n\t\t\t\t\t<\/a>\n\t\t\t\t<\/div>\n\t\t\t\t\t\t\t\t<\/div>\n\t\t\t\t<\/div>\n\t\t\t\t\t<\/div>\n\t\t<\/div>\n\t\t\t\t<div class=\"elementor-column elementor-col-50 elementor-top-column elementor-element elementor-element-7a068f6\" data-id=\"7a068f6\" data-element_type=\"column\" data-e-type=\"column\">\n\t\t\t<div class=\"elementor-widget-wrap elementor-element-populated\">\n\t\t\t\t\t\t<div class=\"elementor-element elementor-element-ae8db19 elementor-widget elementor-widget-image\" data-id=\"ae8db19\" data-element_type=\"widget\" data-e-type=\"widget\" data-widget_type=\"image.default\">\n\t\t\t\t<div class=\"elementor-widget-container\">\n\t\t\t\t\t\t\t\t\t\t\t\t\t\t\t<img fetchpriority=\"high\" decoding=\"async\" width=\"1024\" height=\"1024\" src=\"https:\/\/www.aranhostel.cat\/wp-content\/uploads\/2024\/03\/AranSummerCamp_500-1024x1024.jpg\" class=\"attachment-large size-large wp-image-14182\" alt=\"\" srcset=\"https:\/\/www.aranhostel.cat\/wp-content\/uploads\/2024\/03\/AranSummerCamp_500-1024x1024.jpg 1024w, https:\/\/www.aranhostel.cat\/wp-content\/uploads\/2024\/03\/AranSummerCamp_500-300x300.jpg 300w, https:\/\/www.aranhostel.cat\/wp-content\/uploads\/2024\/03\/AranSummerCamp_500-150x150.jpg 150w, https:\/\/www.aranhostel.cat\/wp-content\/uploads\/2024\/03\/AranSummerCamp_500-1536x1536.jpg 1536w, https:\/\/www.aranhostel.cat\/wp-content\/uploads\/2024\/03\/AranSummerCamp_500-2048x2048.jpg 2048w, https:\/\/www.aranhostel.cat\/wp-content\/uploads\/2024\/03\/AranSummerCamp_500-100x100.jpg 100w\" sizes=\"(max-width: 1024px) 100vw, 1024px\" \/>\t\t\t\t\t\t\t\t\t\t\t\t\t\t\t<\/div>\n\t\t\t\t<\/div>\n\t\t\t\t\t<\/div>\n\t\t<\/div>\n\t\t\t\t\t<\/div>\n\t\t<\/section>\n\t\t\t\t<section class=\"elementor-section elementor-top-section elementor-element elementor-element-ca0be59 elementor-section-boxed elementor-section-height-default elementor-section-height-default\" data-id=\"ca0be59\" data-element_type=\"section\" data-e-type=\"section\" data-settings=\"{&quot;background_background&quot;:&quot;classic&quot;}\">\n\t\t\t\t\t\t<div class=\"elementor-container elementor-column-gap-default\">\n\t\t\t\t\t<div class=\"elementor-column elementor-col-50 elementor-top-column elementor-element elementor-element-b356df2\" data-id=\"b356df2\" data-element_type=\"column\" data-e-type=\"column\">\n\t\t\t<div class=\"elementor-widget-wrap elementor-element-populated\">\n\t\t\t\t\t\t<div class=\"elementor-element elementor-element-24e2a48 elementor-tabs-view-horizontal elementor-widget elementor-widget-tabs\" data-id=\"24e2a48\" data-element_type=\"widget\" data-e-type=\"widget\" data-widget_type=\"tabs.default\">\n\t\t\t\t<div class=\"elementor-widget-container\">\n\t\t\t\t\t\t\t<div class=\"elementor-tabs\">\n\t\t\t<div class=\"elementor-tabs-wrapper\" role=\"tablist\" >\n\t\t\t\t\t\t\t\t\t<div id=\"elementor-tab-title-3861\" class=\"elementor-tab-title elementor-tab-desktop-title\" aria-selected=\"true\" data-tab=\"1\" role=\"tab\" tabindex=\"0\" aria-controls=\"elementor-tab-content-3861\" aria-expanded=\"false\">Actividades<\/div>\n\t\t\t\t\t\t\t\t\t<div id=\"elementor-tab-title-3862\" class=\"elementor-tab-title elementor-tab-desktop-title\" aria-selected=\"false\" data-tab=\"2\" role=\"tab\" tabindex=\"-1\" aria-controls=\"elementor-tab-content-3862\" aria-expanded=\"false\">Precios<\/div>\n\t\t\t\t\t\t\t\t\t<div id=\"elementor-tab-title-3863\" class=\"elementor-tab-title elementor-tab-desktop-title\" aria-selected=\"false\" data-tab=\"3\" role=\"tab\" tabindex=\"-1\" aria-controls=\"elementor-tab-content-3863\" aria-expanded=\"false\">Servicio de desplazamiento<\/div>\n\t\t\t\t\t\t\t\t\t<div id=\"elementor-tab-title-3864\" class=\"elementor-tab-title elementor-tab-desktop-title\" aria-selected=\"false\" data-tab=\"4\" role=\"tab\" tabindex=\"-1\" aria-controls=\"elementor-tab-content-3864\" aria-expanded=\"false\">Punt de encuentro<\/div>\n\t\t\t\t\t\t\t\t\t<div id=\"elementor-tab-title-3865\" class=\"elementor-tab-title elementor-tab-desktop-title\" aria-selected=\"false\" data-tab=\"5\" role=\"tab\" tabindex=\"-1\" aria-controls=\"elementor-tab-content-3865\" aria-expanded=\"false\">Material<\/div>\n\t\t\t\t\t\t\t\t\t<div id=\"elementor-tab-title-3866\" class=\"elementor-tab-title elementor-tab-desktop-title\" aria-selected=\"false\" data-tab=\"6\" role=\"tab\" tabindex=\"-1\" aria-controls=\"elementor-tab-content-3866\" aria-expanded=\"false\">Condiciones<\/div>\n\t\t\t\t\t\t\t<\/div>\n\t\t\t<div class=\"elementor-tabs-content-wrapper\" role=\"tablist\" aria-orientation=\"vertical\">\n\t\t\t\t\t\t\t\t\t<div class=\"elementor-tab-title elementor-tab-mobile-title\" aria-selected=\"true\" data-tab=\"1\" role=\"tab\" tabindex=\"0\" aria-controls=\"elementor-tab-content-3861\" aria-expanded=\"false\">Actividades<\/div>\n\t\t\t\t\t<div id=\"elementor-tab-content-3861\" class=\"elementor-tab-content elementor-clearfix\" data-tab=\"1\" role=\"tabpanel\" aria-labelledby=\"elementor-tab-title-3861\" tabindex=\"0\" hidden=\"false\"><p>Llevaremos a cabo todo tipo de actividades de naturaleza y deportes de monta\u00f1a: v\u00edas ferratas, actividades de educaci\u00f3n ambiental, escalada, rafting, orientaci\u00f3n, gimcanas, excursi\u00f3n a la cima Montarto, actividades de cooperaci\u00f3n, talleres \u00a1y mucho m\u00e1s!<\/p><p>\u00a0<\/p><ul><li><b>Via ferrata: <\/b>emocionante experiencia de escalada equipada en Poi d&#8217;Unha, a tan solo 30 minutos del Hostel.\u00a0<\/li><li><b>Talleres de educaci\u00f3n ambiental<\/b> en los alrededores de la zona del Hostel, donde aprenderemos sobre la importancia de la conservaci\u00f3n y el respeto por el medio ambiente.<\/li><li><b>Escalada <\/b>en Bagergue, zona de escalada deportiva ubicada a solo 20 minutos del Aran Hostel.\u00a0<\/li><li><b>Rafting<\/b>: una actividad llena de adrenalina donde descenderemos con una balsa neum\u00e1tica por aguas bravas.<\/li><li><b>Actividades de orientaci\u00f3n<\/b> por los alrededores id\u00edlicos de Salard\u00fa, donde aprenderemos a navegar en un entorno natural, desafiando la mente y los sentidos.\u00a0<\/li><li><b>Una gincana<\/b> que pondr\u00e1 a prueba, a trav\u00e9s de varios desaf\u00edos, las habilidades de destreza, ingenio y colaboraci\u00f3n de los j\u00f3venes en un entorno natural.<\/li><li>Emocionante <b>ascenso a la cima del Montardo<\/b> donde pasaremos el d\u00eda rodeados por la majestuosidad de la naturaleza y vistas panor\u00e1micas.<\/li><\/ul><\/div>\n\t\t\t\t\t\t\t\t\t<div class=\"elementor-tab-title elementor-tab-mobile-title\" aria-selected=\"false\" data-tab=\"2\" role=\"tab\" tabindex=\"-1\" aria-controls=\"elementor-tab-content-3862\" aria-expanded=\"false\">Precios<\/div>\n\t\t\t\t\t<div id=\"elementor-tab-content-3862\" class=\"elementor-tab-content elementor-clearfix\" data-tab=\"2\" role=\"tabpanel\" aria-labelledby=\"elementor-tab-title-3862\" tabindex=\"0\" hidden=\"hidden\"><ul>\n<li><b>Preu soci del CEC:<\/b> 850 \u20ac (hazte socio\/a desde 33\u20ac\/a\u00f1o y disfruta de todas las ventajas del CEC)<\/li>\n<li><b>Preu no soci:<\/b> 1063 \u20ac<\/li>\n<\/ul>\n<p><b><i>Incluye:&nbsp;<\/i><\/b><\/p>\n<ul>\n<li>Comida y cena del 26 de junio + pensi\u00f3n completa del 27, 28 y 29 de junio + desayuno del 30 de junio.<\/li>\n<li>Alojamiento al Hostel de Salard\u00fa del 26 al 30 de junio.<\/li>\n<li>Todas las actividades y material necesario para hacerlas.<\/li>\n<li>T\u00e9cnicos deportivos<\/li>\n<\/ul>\n<p><b><i>No incluye:<\/i><\/b><\/p>\n<ul>\n<li>El desplazamiento hasta el Hostel. Ofrecemos un servicio de transfer desde Barcelona (plaza Catalunya) por 95 euros.<\/li>\n<li>Esmorzar del primer dia (26 de juny).<\/li>\n<\/ul>\n<div>\n<div><span style=\"font-size: 15px;\">&nbsp;<\/span><\/div>\n<div><span style=\"font-size: 15px; color: #000000;\"><b>Descuentos<\/b><\/span><\/div>\n<div><span style=\"font-size: 15px; color: #000000;\"><b>Si te inscribes antes del d\u00eda 29 de Abril, podr\u00e1s disfrutar de un 5% de descuento!<\/b><\/span><\/div>\n<div>\n<div><span style=\"font-size: 15px; color: #000000;\"><u>&nbsp;<\/u><\/span><\/div>\n<div><span style=\"font-size: 15px; color: #000000;\"><u>Otros descuentos que puedes sumar al descuento anterior:<\/u><\/span><\/div>\n<\/div>\n<div><span style=\"color: #000000;\"><span style=\"font-size: 15px;\">&#8211;<\/span> <span style=\"font-size: 15px;\">Familia numerosa o monoparental o tengo uno o m\u00e1s hermanos inscritos a la actividad (3%) (aplicable a todos los hermanos).<\/span><\/span><\/div>\n<div style=\"font-size: 15px;\">&nbsp;<\/div>\n<div>\n<p><b>Tabla de precios y descuentos<br><\/b><\/p>\n<p>*aplicable a todos los hermanos<\/p>\n<table style=\"border: none; margin: 6.75pt;\" border=\"1\" width=\"624\" cellspacing=\"0\" cellpadding=\"0\" align=\"left\">\n<thead>\n<tr>\n<td style=\"width: 165.75pt; border-width: 1pt; border-color: black; border-image: initial; padding: 0cm 5.4pt;\" width=\"221\">\n<p style=\"text-align: center; line-height: normal; mso-pagination: none; mso-element: frame; mso-element-frame-hspace: 9.0pt; mso-element-frame-vspace: 9.0pt; mso-element-wrap: around; mso-element-anchor-vertical: paragraph; mso-element-anchor-horizontal: column; mso-element-left: 3.0pt; mso-height-rule: exactly;\" align=\"center\"><span lang=\"ES\">&nbsp;<\/span><\/p>\n<\/td>\n<td style=\"width: 155.5pt; border-top-width: 1pt; border-right-width: 1pt; border-bottom-width: 1pt; border-top-color: black; border-right-color: black; border-bottom-color: black; border-image: initial; border-left: none; padding: 0cm 5.4pt;\" width=\"207\">\n<p style=\"text-align: center; line-height: normal; mso-pagination: none; mso-element: frame; mso-element-frame-hspace: 9.0pt; mso-element-frame-vspace: 9.0pt; mso-element-wrap: around; mso-element-anchor-vertical: paragraph; mso-element-anchor-horizontal: column; mso-element-left: 3.0pt; mso-height-rule: exactly;\" align=\"center\"><span lang=\"EN\">SOCIOS DEL CEC (\u20ac)<\/span><\/p>\n<p style=\"text-align: center; line-height: normal; mso-pagination: none; mso-element: frame; mso-element-frame-hspace: 9.0pt; mso-element-frame-vspace: 9.0pt; mso-element-wrap: around; mso-element-anchor-vertical: paragraph; mso-element-anchor-horizontal: column; mso-element-left: 3.0pt; mso-height-rule: exactly;\" align=\"center\"><span lang=\"EN\">Descuento (20%)<\/span><\/p>\n<\/td>\n<td style=\"width: 146.7pt; border-top-width: 1pt; border-right-width: 1pt; border-bottom-width: 1pt; border-top-color: black; border-right-color: black; border-bottom-color: black; border-image: initial; border-left: none; padding: 0cm 5.4pt;\" width=\"196\">\n<p style=\"text-align: center; line-height: normal; mso-pagination: none; mso-element: frame; mso-element-frame-hspace: 9.0pt; mso-element-frame-vspace: 9.0pt; mso-element-wrap: around; mso-element-anchor-vertical: paragraph; mso-element-anchor-horizontal: column; mso-element-left: 3.0pt; mso-height-rule: exactly;\" align=\"center\"><span lang=\"EN\">NO SOCIOS DEL CEC (\u20ac)<\/span><\/p>\n<\/td>\n<\/tr>\n<tr>\n<td style=\"width: 165.75pt; border-right-width: 1pt; border-bottom-width: 1pt; border-left-width: 1pt; border-right-color: black; border-bottom-color: black; border-left-color: black; border-image: initial; border-top: none; padding: 0cm 5.4pt;\" width=\"221\">\n<p style=\"text-align: center; line-height: normal; mso-pagination: none; mso-element: frame; mso-element-frame-hspace: 9.0pt; mso-element-frame-vspace: 9.0pt; mso-element-wrap: around; mso-element-anchor-vertical: paragraph; mso-element-anchor-horizontal: column; mso-element-left: 3.0pt; mso-height-rule: exactly;\" align=\"center\"><span lang=\"EN\">Precio <\/span><\/p>\n<\/td>\n<td style=\"width: 155.5pt; border-top: none; border-left: none; border-bottom-width: 1pt; border-bottom-color: black; border-right-width: 1pt; border-right-color: black; padding: 0cm 5.4pt;\" width=\"207\">\n<p style=\"text-align: center; line-height: normal; mso-pagination: none; mso-element: frame; mso-element-frame-hspace: 9.0pt; mso-element-frame-vspace: 9.0pt; mso-element-wrap: around; mso-element-anchor-vertical: paragraph; mso-element-anchor-horizontal: column; mso-element-left: 3.0pt; mso-height-rule: exactly;\" align=\"center\"><span lang=\"EN\">850\u20ac<\/span><\/p>\n<\/td>\n<td style=\"width: 146.7pt; border-top: none; border-left: none; border-bottom-width: 1pt; border-bottom-color: black; border-right-width: 1pt; border-right-color: black; padding: 0cm 5.4pt;\" width=\"196\">\n<p style=\"text-align: center; line-height: normal; mso-pagination: none; mso-element: frame; mso-element-frame-hspace: 9.0pt; mso-element-frame-vspace: 9.0pt; mso-element-wrap: around; mso-element-anchor-vertical: paragraph; mso-element-anchor-horizontal: column; mso-element-left: 3.0pt; mso-height-rule: exactly;\" align=\"center\"><span lang=\"EN\">1063\u20ac<\/span><\/p>\n<\/td>\n<\/tr>\n<tr>\n<td style=\"width: 165.75pt; border-right-width: 1pt; border-bottom-width: 1pt; border-left-width: 1pt; border-right-color: black; border-bottom-color: black; border-left-color: black; border-image: initial; border-top: none; padding: 0cm 5.4pt;\" width=\"221\">\n<p style=\"text-align: center; line-height: normal; mso-pagination: none; mso-element: frame; mso-element-frame-hspace: 9.0pt; mso-element-frame-vspace: 9.0pt; mso-element-wrap: around; mso-element-anchor-vertical: paragraph; mso-element-anchor-horizontal: column; mso-element-left: 3.0pt; mso-height-rule: exactly;\" align=\"center\"><span lang=\"ES\">Inscripciones<br>antes del 29 de Abril (5%)<\/span><\/p>\n<\/td>\n<td style=\"width: 155.5pt; border-top: none; border-left: none; border-bottom-width: 1pt; border-bottom-color: black; border-right-width: 1pt; border-right-color: black; padding: 0cm 5.4pt;\" width=\"207\">\n<p style=\"text-align: center; mso-element: frame; mso-element-frame-hspace: 9.0pt; mso-element-frame-vspace: 9.0pt; mso-element-wrap: around; mso-element-anchor-vertical: paragraph; mso-element-anchor-horizontal: column; mso-element-left: 3.0pt; mso-height-rule: exactly;\" align=\"center\"><span lang=\"EN\">807,5\u20ac<\/span><\/p>\n<\/td>\n<td style=\"width: 146.7pt; border-top: none; border-left: none; border-bottom-width: 1pt; border-bottom-color: black; border-right-width: 1pt; border-right-color: black; padding: 0cm 5.4pt;\" width=\"196\">\n<p style=\"text-align: center; line-height: normal; mso-pagination: none; mso-element: frame; mso-element-frame-hspace: 9.0pt; mso-element-frame-vspace: 9.0pt; mso-element-wrap: around; mso-element-anchor-vertical: paragraph; mso-element-anchor-horizontal: column; mso-element-left: 3.0pt; mso-height-rule: exactly;\" align=\"center\"><span lang=\"EN\">1010\u20ac<\/span><\/p>\n<\/td>\n<\/tr>\n<tr>\n<td style=\"width: 165.75pt; border-right-width: 1pt; border-bottom-width: 1pt; border-left-width: 1pt; border-right-color: black; border-bottom-color: black; border-left-color: black; border-image: initial; border-top: none; padding: 0cm 5.4pt;\" width=\"221\">\n<p style=\"text-align: center; mso-element: frame; mso-element-frame-hspace: 9.0pt; mso-element-frame-vspace: 9.0pt; mso-element-wrap: around; mso-element-anchor-vertical: paragraph; mso-element-anchor-horizontal: column; mso-element-left: 3.0pt; mso-height-rule: exactly;\" align=\"center\"><span lang=\"ES\">Familia numerosa\/ monoparental\/ tengo uno o m\u00e1s<br>hermanos inscritos a la actividad*<\/span><\/p>\n<p style=\"text-align: center; line-height: normal; mso-pagination: none; mso-element: frame; mso-element-frame-hspace: 9.0pt; mso-element-frame-vspace: 9.0pt; mso-element-wrap: around; mso-element-anchor-vertical: paragraph; mso-element-anchor-horizontal: column; mso-element-left: 3.0pt; mso-height-rule: exactly;\" align=\"center\"><span lang=\"ES\">&nbsp;<\/span><\/p>\n<p style=\"text-align: center; line-height: normal; mso-pagination: none; mso-element: frame; mso-element-frame-hspace: 9.0pt; mso-element-frame-vspace: 9.0pt; mso-element-wrap: around; mso-element-anchor-vertical: paragraph; mso-element-anchor-horizontal: column; mso-element-left: 3.0pt; mso-height-rule: exactly;\" align=\"center\"><span lang=\"EN\">Antes del 29 de Abril (8%)<\/span><\/p>\n<\/td>\n<td style=\"width: 155.5pt; border-top: none; border-left: none; border-bottom-width: 1pt; border-bottom-color: black; border-right-width: 1pt; border-right-color: black; padding: 0cm 5.4pt;\" width=\"207\">\n<p style=\"text-align: center; line-height: normal; mso-pagination: none; mso-element: frame; mso-element-frame-hspace: 9.0pt; mso-element-frame-vspace: 9.0pt; mso-element-wrap: around; mso-element-anchor-vertical: paragraph; mso-element-anchor-horizontal: column; mso-element-left: 3.0pt; mso-height-rule: exactly;\" align=\"center\"><span lang=\"EN\">782\u20ac<\/span><\/p>\n<\/td>\n<td style=\"width: 146.7pt; border-top: none; border-left: none; border-bottom-width: 1pt; border-bottom-color: black; border-right-width: 1pt; border-right-color: black; padding: 0cm 5.4pt;\" width=\"196\">\n<p style=\"text-align: center; line-height: normal; mso-pagination: none; mso-element: frame; mso-element-frame-hspace: 9.0pt; mso-element-frame-vspace: 9.0pt; mso-element-wrap: around; mso-element-anchor-vertical: paragraph; mso-element-anchor-horizontal: column; mso-element-left: 3.0pt; mso-height-rule: exactly;\" align=\"center\"><span lang=\"EN\">978\u20ac<\/span><\/p>\n<\/td>\n<\/tr>\n<tr>\n<td style=\"width: 165.75pt; border-right-width: 1pt; border-bottom-width: 1pt; border-left-width: 1pt; border-right-color: black; border-bottom-color: black; border-left-color: black; border-image: initial; border-top: none; padding: 0cm 5.4pt;\" width=\"221\">\n<p style=\"text-align: center; mso-element: frame; mso-element-frame-hspace: 9.0pt; mso-element-frame-vspace: 9.0pt; mso-element-wrap: around; mso-element-anchor-vertical: paragraph; mso-element-anchor-horizontal: column; mso-element-left: 3.0pt; mso-height-rule: exactly;\" align=\"center\"><span lang=\"ES\">Familia numerosa\/ monoparental\/ tengo uno o m\u00e1s<br>hermanos inscritos a la actividad*<\/span><\/p>\n<p style=\"text-align: center; line-height: normal; mso-pagination: none; mso-element: frame; mso-element-frame-hspace: 9.0pt; mso-element-frame-vspace: 9.0pt; mso-element-wrap: around; mso-element-anchor-vertical: paragraph; mso-element-anchor-horizontal: column; mso-element-left: 3.0pt; mso-height-rule: exactly;\" align=\"center\"><span lang=\"ES\">&nbsp;<\/span><\/p>\n<p style=\"text-align: center; line-height: normal; mso-pagination: none; mso-element: frame; mso-element-frame-hspace: 9.0pt; mso-element-frame-vspace: 9.0pt; mso-element-wrap: around; mso-element-anchor-vertical: paragraph; mso-element-anchor-horizontal: column; mso-element-left: 3.0pt; mso-height-rule: exactly;\" align=\"center\"><span lang=\"EN\">Despu\u00e9s del 29 d\u2019Abril (3%)<\/span><\/p>\n<\/td>\n<td style=\"width: 155.5pt; border-top: none; border-left: none; border-bottom-width: 1pt; border-bottom-color: black; border-right-width: 1pt; border-right-color: black; padding: 0cm 5.4pt;\" width=\"207\">\n<p style=\"text-align: center; line-height: normal; mso-pagination: none; mso-element: frame; mso-element-frame-hspace: 9.0pt; mso-element-frame-vspace: 9.0pt; mso-element-wrap: around; mso-element-anchor-vertical: paragraph; mso-element-anchor-horizontal: column; mso-element-left: 3.0pt; mso-height-rule: exactly;\" align=\"center\"><span lang=\"EN\">824,5\u20ac<\/span><\/p>\n<\/td>\n<td style=\"width: 146.7pt; border-top: none; border-left: none; border-bottom-width: 1pt; border-bottom-color: black; border-right-width: 1pt; border-right-color: black; padding: 0cm 5.4pt;\" width=\"196\">\n<p style=\"text-align: center; line-height: normal; mso-pagination: none; mso-element: frame; mso-element-frame-hspace: 9.0pt; mso-element-frame-vspace: 9.0pt; mso-element-wrap: around; mso-element-anchor-vertical: paragraph; mso-element-anchor-horizontal: column; mso-element-left: 3.0pt; mso-height-rule: exactly;\" align=\"center\"><span lang=\"EN\">1031\u20ac<\/span><\/p>\n<\/td>\n<\/tr>\n<\/thead>\n<\/table>\n<p><b>&nbsp;<\/b><\/p>\n<p><b>&nbsp;<\/b><\/p>\n<p><b>&nbsp;<\/b><\/p>\n<p><b>&nbsp;<\/b><\/p>\n<p><b>&nbsp;<\/b><\/p>\n<p><b>&nbsp;<\/b><\/p>\n<p><b>&nbsp;<\/b><\/p>\n<p><b>&nbsp;<\/b><\/p>\n<p><b>&nbsp;<\/b><\/p>\n<p><b>&nbsp;<\/b><\/p>\n<p><b>&nbsp;<\/b><\/p>\n<p><b>&nbsp;<\/b><\/p>\n<p><b>&nbsp;<\/b><\/p>\n<p><b>&nbsp;<\/b><\/p>\n<p><b>&nbsp;<\/b><\/p>\n<p><b>&nbsp;<\/b><\/p>\n<p><b>&nbsp;<\/b><\/p><p><b><br><\/b><\/p><p><b><br><\/b><\/p><p><b><br><\/b><\/p><p><b><br><\/b><\/p><p><span style=\"font-size: 11pt; font-family: Arial, sans-serif;\">IMPORTANTE sumar el siguiente importe de transporte.<\/span><o:p><\/o:p><\/p><p><span style=\"font-size: 11pt; font-family: Arial, sans-serif;\">&nbsp;<\/span><\/p><table border=\"0\" cellspacing=\"0\" cellpadding=\"0\" style=\"border-spacing: 0px;\">\n <tbody><tr style=\"mso-yfti-irow:0;mso-yfti-firstrow:yes;mso-yfti-lastrow:yes;\n  height:41.65pt\">\n  <td width=\"221\" style=\"width: 165.75pt; border-width: 1pt; border-color: black; border-image: initial; padding: 5pt; height: 41.65pt;\">\n  <p align=\"center\" style=\"text-align:center\"><b><span style=\"font-size: 11pt; font-family: Arial, sans-serif;\">Servicio de transporte desde\n  Barcelona<\/span><o:p><\/o:p><\/b><\/p>\n  <\/td>\n  <td width=\"207\" style=\"width: 155.25pt; border-top-width: 1pt; border-right-width: 1pt; border-bottom-width: 1pt; border-top-color: black; border-right-color: black; border-bottom-color: black; border-image: initial; border-left: none; padding: 5pt; height: 41.65pt;\">\n  <p align=\"center\" style=\"text-align:center\"><b><span style=\"font-size: 11pt; font-family: Arial, sans-serif;\">95\u20ac&nbsp;<\/span><o:p><\/o:p><\/b><\/p>\n  <\/td>\n  <td width=\"196\" style=\"width: 147pt; border-top-width: 1pt; border-right-width: 1pt; border-bottom-width: 1pt; border-top-color: black; border-right-color: black; border-bottom-color: black; border-image: initial; border-left: none; padding: 5pt; height: 41.65pt;\">\n  <p align=\"center\" style=\"text-align:center\"><b><span style=\"font-size: 11pt; font-family: Arial, sans-serif;\">95\u20ac<\/span><o:p><\/o:p><\/b><\/p>\n  <\/td>\n <\/tr>\n<\/tbody><\/table><p>\n\n\n\n\n\n<\/p><p><span style=\"font-size: 11pt; font-family: Arial, sans-serif;\">&nbsp;<\/span><\/p>\n<\/div>\n<\/div><\/div>\n\t\t\t\t\t\t\t\t\t<div class=\"elementor-tab-title elementor-tab-mobile-title\" aria-selected=\"false\" data-tab=\"3\" role=\"tab\" tabindex=\"-1\" aria-controls=\"elementor-tab-content-3863\" aria-expanded=\"false\">Servicio de desplazamiento<\/div>\n\t\t\t\t\t<div id=\"elementor-tab-content-3863\" class=\"elementor-tab-content elementor-clearfix\" data-tab=\"3\" role=\"tabpanel\" aria-labelledby=\"elementor-tab-title-3863\" tabindex=\"0\" hidden=\"hidden\"><p><br><\/p><p>ENCUENTRO:<\/p><p>El mi\u00e9rcoles 26 de junio de 2024, el punto estar\u00e1 cerca de pl. Catalu\u00f1a, Barcelona a las 8.00h<\/p><p><br><\/p><p>*La ubicaci\u00f3n exacta la pasaremos por el grupo de WhatsApp que haremos con las familias apuntadas.<\/p><p><br><\/p><p>RECOGIDA:<\/p><p>Domingo 30 de junio de 2024 en el mismo punto a las 15.30h aprox<\/p><p><br><\/p><p>Si alguna familia no pudiera ir a dejar a su hijo\/a en Barcelona el punto de encuentro y recogida ser\u00eda directamente donde empezamos la actividad:<\/p><p><br><\/p><p>En el Aran Hostel (Calle Carretera, 55, 25598 Salard\u00fa, Lleida).<\/p><p>\u2022 D\u00eda: Mi\u00e9rcoles 26 de junio de 2024 \/\/ Domingo 30 de junio de 2024<\/p><p>\u2022 Hora: 12h aprox<\/p><\/div>\n\t\t\t\t\t\t\t\t\t<div class=\"elementor-tab-title elementor-tab-mobile-title\" aria-selected=\"false\" data-tab=\"4\" role=\"tab\" tabindex=\"-1\" aria-controls=\"elementor-tab-content-3864\" aria-expanded=\"false\">Punt de encuentro<\/div>\n\t\t\t\t\t<div id=\"elementor-tab-content-3864\" class=\"elementor-tab-content elementor-clearfix\" data-tab=\"4\" role=\"tabpanel\" aria-labelledby=\"elementor-tab-title-3864\" tabindex=\"0\" hidden=\"hidden\"><p>El punto de encuentro ser\u00e1 en el <b>Aran Hostel<\/b> (Calle Carretera, 55, 25598 Salard\u00fa, Lleida).<\/p><p>\u00a0<\/p><p>\u00a0<\/p><p><b>D\u00eda:<\/b> mi\u00e9rcoles, 26 de junio (llegada) y domingo 30 de junio (salida).<\/p><p><b>Hora:<\/b>\u00a012 h.<\/p><p>\u00a0<\/p><p>\u00a0<\/p><p>El horario de salida del transfer a la plaza Catalunya de Barcelona ser\u00e1:<\/p><p>Mi\u00e9rcoles 26 de junio, a las 8.00h<\/p><p>\u00a0<\/p><p>\u00a0<\/p><p>El horario de llegada del transfer a la plaza Catalunya de Barcelona ser\u00e1:<\/p><p>Domingo 30 de junio a las 15:30 aproximadamente.<\/p><\/div>\n\t\t\t\t\t\t\t\t\t<div class=\"elementor-tab-title elementor-tab-mobile-title\" aria-selected=\"false\" data-tab=\"5\" role=\"tab\" tabindex=\"-1\" aria-controls=\"elementor-tab-content-3865\" aria-expanded=\"false\">Material<\/div>\n\t\t\t\t\t<div id=\"elementor-tab-content-3865\" class=\"elementor-tab-content elementor-clearfix\" data-tab=\"5\" role=\"tabpanel\" aria-labelledby=\"elementor-tab-title-3865\" tabindex=\"0\" hidden=\"hidden\"><p>Lista provisional de material:<\/p><p>\u2022Mochila (Todo debe ir dentro de una mochila aproximadamente de 40\/50l).<br \/>\u2022Desayuno del primer d\u00eda<br \/>\u2022Funda de mochila impermeable.<br \/>\u2022Ba\u00f1ador<br \/>\u2022Repelente de mosquito<br \/>\u2022Ropa t\u00e9cnica y de monta\u00f1a:<br \/>\u20132 camisetas de manga corta<br \/>\u2013Pantal\u00f3n largo<br \/>\u2013Pantal\u00f3n corto<br \/>\u2013Una camiseta t\u00e9rmica<br \/>\u2013Chaqueta ligera tipo plumas.<br \/>\u2013Ropa interior.<br \/>\u20132\/3 Pares de calcetines.<br \/>\u2013Guantes<br \/>\u2013Braga de cuello\/ buff<br \/>\u2013Chaqueta impermeable.<br \/>\u2013Forro polar.<br \/>\u2022Gorra<br \/>\u2022Cepillo de dientes, pasta y material higi\u00e9nico<br \/>\u2022Linterna frontal y pilas.<br \/>\u2022Botas de monta\u00f1a tipo trekking (Mejor si cubren el tobillo).<br \/>\u2022Crema solar.<br \/>\u2022Gafas de sol.<br \/>\u2022Toalla media<br \/>\u2022Toalla peque\u00f1a de manos.<br \/>\u2022Bastones (opcional)<\/p><p>\u2022En efectivo, 10 euros m\u00e1ximo por joven<\/p><\/div>\n\t\t\t\t\t\t\t\t\t<div class=\"elementor-tab-title elementor-tab-mobile-title\" aria-selected=\"false\" data-tab=\"6\" role=\"tab\" tabindex=\"-1\" aria-controls=\"elementor-tab-content-3866\" aria-expanded=\"false\">Condiciones<\/div>\n\t\t\t\t\t<div id=\"elementor-tab-content-3866\" class=\"elementor-tab-content elementor-clearfix\" data-tab=\"6\" role=\"tabpanel\" aria-labelledby=\"elementor-tab-title-3866\" tabindex=\"0\" hidden=\"hidden\"><p><strong>Condiciones de devoluci\u00f3n y modificaciones:<\/strong><\/p><ul><li>Para formalizar la voluntad de desistimiento o modificaci\u00f3n de una inscripci\u00f3n en la actividad, ser\u00e1 imprescindible enviar un correo electr\u00f3nico a la direcci\u00f3n activitatsij@cec.cat indicando el nombre, apellidos y DNI de las personas que desean anular o modificar su inscripci\u00f3n. No ser\u00e1n atendidas las bajas o modificaciones comunicadas por tel\u00e9fono o presencialmente en la sede del CEC.<\/li><li>En caso de anulaci\u00f3n por parte del participante del importe total hay 40\u20ac (anticipo) que no son reembolsables en ning\u00fan caso, el resto seg\u00fan el momento de cancelaci\u00f3n:<p>\u25cb Cancelaci\u00f3n total antes del 05 de junio, se devolver\u00e1 el 100% menos los 40\u20ac de anticipo.<br \/>\u25cb Cancelaci\u00f3n total del 05 al 12 de junio se devolver\u00e1 el 25% menos los 40\u20ac por adelantado.<br \/>\u25cb Cancelaci\u00f3n total del 12 al 19 se devolver\u00e1 el 50% menos los 40\u20ac de anticipo.<br \/>\u25cb Cancelaci\u00f3n total del 19 al 26 de junio NO se tendr\u00e1 derecho a ninguna devoluci\u00f3n.<\/p><\/li><li><p>Reembolso del 100% en caso de anulaci\u00f3n por parte de la organizaci\u00f3n.<\/p><\/li><li><p>El CEC se reserva el derecho de anulaci\u00f3n en caso de no llegar al m\u00ednimo grupo necesario o por impedimentos derivados de causas mayores.<\/p><\/li><li><p>En cualquier caso, las devoluciones se realizar\u00e1n en igual forma de pago y en un plazo m\u00e1ximo de 15 d\u00edas desde la formalizaci\u00f3n de la cancelaci\u00f3n.<\/p><\/li><\/ul><\/div>\n\t\t\t\t\t\t\t<\/div>\n\t\t<\/div>\n\t\t\t\t\t\t<\/div>\n\t\t\t\t<\/div>\n\t\t\t\t\t<\/div>\n\t\t<\/div>\n\t\t\t\t<div class=\"elementor-column elementor-col-50 elementor-top-column elementor-element elementor-element-5c22f68\" data-id=\"5c22f68\" data-element_type=\"column\" data-e-type=\"column\">\n\t\t\t<div class=\"elementor-widget-wrap elementor-element-populated\">\n\t\t\t\t\t\t<div class=\"elementor-element elementor-element-7319543 elementor-view-default elementor-widget elementor-widget-icon\" data-id=\"7319543\" data-element_type=\"widget\" data-e-type=\"widget\" data-widget_type=\"icon.default\">\n\t\t\t\t<div class=\"elementor-widget-container\">\n\t\t\t\t\t\t\t<div class=\"elementor-icon-wrapper\">\n\t\t\t<div class=\"elementor-icon\">\n\t\t\t<i aria-hidden=\"true\" class=\"fas fa-envelope\"><\/i>\t\t\t<\/div>\n\t\t<\/div>\n\t\t\t\t\t\t<\/div>\n\t\t\t\t<\/div>\n\t\t\t\t<div class=\"elementor-element elementor-element-4fd1fcb title2 elementor-widget elementor-widget-heading\" data-id=\"4fd1fcb\" data-element_type=\"widget\" data-e-type=\"widget\" data-widget_type=\"heading.default\">\n\t\t\t\t<div class=\"elementor-widget-container\">\n\t\t\t\t\t<p class=\"elementor-heading-title elementor-size-default\">Tens m\u00e9s dubtes?<\/p>\t\t\t\t<\/div>\n\t\t\t\t<\/div>\n\t\t\t\t<div class=\"elementor-element elementor-element-afe7b9b elementor-widget elementor-widget-text-editor\" data-id=\"afe7b9b\" data-element_type=\"widget\" data-e-type=\"widget\" data-widget_type=\"text-editor.default\">\n\t\t\t\t<div class=\"elementor-widget-container\">\n\t\t\t\t\t\t\t\t\t<p><b>CONTACTA&#8217;NS:<\/b><\/p><p><b>\u00a0<\/b><\/p><p>Ens podeu fer arribar els vostres dubtes i comentaris a:\u00a0<\/p><p>\u00a0<\/p><p><span style=\"color: #009972;\"><a style=\"color: #009972;\" href=\"tel:696824071\">696 82 40 71<\/a><\/span><\/p><p><a style=\"color: #009972;\" href=\"mailto:aranhostel@cec.cat\">activitatsij@cec.cat<\/a><\/p>\t\t\t\t\t\t\t\t<\/div>\n\t\t\t\t<\/div>\n\t\t\t\t\t<\/div>\n\t\t<\/div>\n\t\t\t\t\t<\/div>\n\t\t<\/section>\n\t\t\t\t<section class=\"elementor-section elementor-top-section elementor-element elementor-element-faddd26 elementor-section-full_width hiddenrow elementor-section-height-default elementor-section-height-default\" data-id=\"faddd26\" data-element_type=\"section\" data-e-type=\"section\">\n\t\t\t\t\t\t<div class=\"elementor-container elementor-column-gap-no\">\n\t\t\t\t\t<div class=\"elementor-column elementor-col-100 elementor-top-column elementor-element elementor-element-3c9a8bfa\" data-id=\"3c9a8bfa\" data-element_type=\"column\" data-e-type=\"column\">\n\t\t\t<div class=\"elementor-widget-wrap elementor-element-populated\">\n\t\t\t\t\t\t<div class=\"elementor-element elementor-element-74665c5f elementor-widget elementor-widget-st_sliders\" data-id=\"74665c5f\" data-element_type=\"widget\" data-e-type=\"widget\" data-widget_type=\"st_sliders.default\">\n\t\t\t\t<div class=\"elementor-widget-container\">\n\t\t\t\t\t        <div class=\"st-sliders style-1\" data-effect=\"creative\" data-slides-per-view=\"\" data-pagination=\"on\" data-navigation=\"on\" data-auto-play=\"off\" data-loop=\"true\" data-delay=\"\" data-center-slider=\"on\" data-style-slider=\"style-1\" data-space-between=\"30\" >\r\n            <div class=\"swiper-container\">\r\n                <div class=\"swiper-wrapper\">\r\n                                                <div class=\"swiper-slide\">\r\n                                <img decoding=\"async\" class=\"swiper-lazy\" src=\"https:\/\/homap-elementor.travelerwp.com\/wp-content\/uploads\/2022\/01\/gallary_6-1.jpg\" alt=\"Aran Hostel\">\r\n                            <\/div>\r\n                                                    <div class=\"swiper-slide\">\r\n                                <img decoding=\"async\" class=\"swiper-lazy\" src=\"https:\/\/homap-elementor.travelerwp.com\/wp-content\/uploads\/2022\/01\/gallary_5-1.jpg\" alt=\"Aran Hostel\">\r\n                            <\/div>\r\n                                                    <div class=\"swiper-slide\">\r\n                                <img decoding=\"async\" class=\"swiper-lazy\" src=\"https:\/\/homap-elementor.travelerwp.com\/wp-content\/uploads\/2022\/01\/gallary_4-1-1.jpg\" alt=\"Aran Hostel\">\r\n                            <\/div>\r\n                                                    <div class=\"swiper-slide\">\r\n                                <img decoding=\"async\" class=\"swiper-lazy\" src=\"https:\/\/homap-elementor.travelerwp.com\/wp-content\/uploads\/2022\/01\/gallary_3.jpg\" alt=\"Aran Hostel\">\r\n                            <\/div>\r\n                                                    <div class=\"swiper-slide\">\r\n                                <img decoding=\"async\" class=\"swiper-lazy\" src=\"https:\/\/homap-elementor.travelerwp.com\/wp-content\/uploads\/2022\/01\/gallary_2.jpg\" alt=\"Aran Hostel\">\r\n                            <\/div>\r\n                                                    <div class=\"swiper-slide\">\r\n                                <img decoding=\"async\" class=\"swiper-lazy\" src=\"https:\/\/homap-elementor.travelerwp.com\/wp-content\/uploads\/2022\/01\/gallary_1.jpg\" alt=\"Aran Hostel\">\r\n                            <\/div>\r\n                                        <\/div>\r\n\r\n\t\t\t\t<div class=\"swiper-pagination\"><\/div><div class=\"st-button-prev\"><span><\/span><\/div><div class=\"st-button-next\"><span><\/span><\/div>            <\/div>\r\n        <\/div>\r\n    \t\t\t\t<\/div>\n\t\t\t\t<\/div>\n\t\t\t\t<section class=\"elementor-section elementor-inner-section elementor-element elementor-element-8deb9c2 elementor-section-boxed elementor-section-height-default elementor-section-height-default\" data-id=\"8deb9c2\" data-element_type=\"section\" data-e-type=\"section\">\n\t\t\t\t\t\t<div class=\"elementor-container elementor-column-gap-default\">\n\t\t\t\t\t<div class=\"elementor-column elementor-col-33 elementor-inner-column elementor-element elementor-element-8c72c47\" data-id=\"8c72c47\" data-element_type=\"column\" data-e-type=\"column\">\n\t\t\t<div class=\"elementor-widget-wrap\">\n\t\t\t\t\t\t\t<\/div>\n\t\t<\/div>\n\t\t\t\t<div class=\"elementor-column elementor-col-33 elementor-inner-column elementor-element elementor-element-c57b5d0\" data-id=\"c57b5d0\" data-element_type=\"column\" data-e-type=\"column\">\n\t\t\t<div class=\"elementor-widget-wrap elementor-element-populated\">\n\t\t\t\t\t\t<div class=\"elementor-element elementor-element-3942d69 elementor-widget elementor-widget-heading\" data-id=\"3942d69\" data-element_type=\"widget\" data-e-type=\"widget\" data-widget_type=\"heading.default\">\n\t\t\t\t<div class=\"elementor-widget-container\">\n\t\t\t\t\t<h2 class=\"elementor-heading-title elementor-size-default\">Life at Traveler<\/h2>\t\t\t\t<\/div>\n\t\t\t\t<\/div>\n\t\t\t\t<div class=\"elementor-element elementor-element-92380fb elementor-align-center elementor-widget elementor-widget-button\" data-id=\"92380fb\" data-element_type=\"widget\" data-e-type=\"widget\" data-widget_type=\"button.default\">\n\t\t\t\t<div class=\"elementor-widget-container\">\n\t\t\t\t\t\t\t\t\t<div class=\"elementor-button-wrapper\">\n\t\t\t\t\t<a class=\"elementor-button elementor-button-link elementor-size-sm\" href=\"#\">\n\t\t\t\t\t\t<span class=\"elementor-button-content-wrapper\">\n\t\t\t\t\t\t\t\t\t<span class=\"elementor-button-text\">Join Our Team<\/span>\n\t\t\t\t\t<\/span>\n\t\t\t\t\t<\/a>\n\t\t\t\t<\/div>\n\t\t\t\t\t\t\t\t<\/div>\n\t\t\t\t<\/div>\n\t\t\t\t\t<\/div>\n\t\t<\/div>\n\t\t\t\t<div class=\"elementor-column elementor-col-33 elementor-inner-column elementor-element elementor-element-790572f\" data-id=\"790572f\" data-element_type=\"column\" data-e-type=\"column\">\n\t\t\t<div class=\"elementor-widget-wrap\">\n\t\t\t\t\t\t\t<\/div>\n\t\t<\/div>\n\t\t\t\t\t<\/div>\n\t\t<\/section>\n\t\t\t\t\t<\/div>\n\t\t<\/div>\n\t\t\t\t\t<\/div>\n\t\t<\/section>\n\t\t\t\t<\/div>\n\t\t","protected":false},"excerpt":{"rendered":"<p>ACTIVIDADES Aventura en el coraz\u00f3n de los Pirineos: 5 d\u00edas inolvidables de monta\u00f1a, naturaleza y amistad, en ingl\u00e9s! \u00bfBusc\u00e1is disfrutar de monta\u00f1a y naturaleza estas vacaciones de verano, rodeados de un paisaje id\u00edlico y amigos? \u00a1Os esperamos! El ingl\u00e9s ser\u00e1 la lengua vinclar que nos conectar\u00e1 en nuestras aventuras diarias. 5 d\u00edas de desconexi\u00f3n en [&hellip;]<\/p>\n","protected":false},"author":4,"featured_media":9158,"parent":0,"menu_order":0,"comment_status":"closed","ping_status":"closed","template":"template-fullwidth.php","meta":{"footnotes":""},"class_list":["post-14165","page","type-page","status-publish","has-post-thumbnail","hentry"],"yoast_head":"<!-- This site is optimized with the Yoast SEO plugin v27.4 - https:\/\/yoast.com\/product\/yoast-seo-wordpress\/ -->\n<title>Aran Summer Camp - Aran Hostel<\/title>\n<meta name=\"description\" content=\"Les nostres habitacions s\u2019adapten a les necessitats de cada visitant perqu\u00e8 construeixis la teva pr\u00f2pia experi\u00e8ncia.A totes les nostres habitacions t\u2019hi sentir\u00e0s d\u2019all\u00f2 m\u00e9s c\u00f2mode!A continuaci\u00f3 trobar\u00e0s tota la informaci\u00f3 per tal que trobis el teu espai ideal des de casa!\" \/>\n<meta name=\"robots\" content=\"index, follow, max-snippet:-1, max-image-preview:large, max-video-preview:-1\" \/>\n<link rel=\"canonical\" href=\"https:\/\/www.aranhostel.cat\/es\/aran-summer-camp\/\" \/>\n<meta property=\"og:locale\" content=\"es_ES\" \/>\n<meta property=\"og:type\" content=\"article\" \/>\n<meta property=\"og:title\" content=\"Aran Summer Camp - Aran Hostel\" \/>\n<meta property=\"og:description\" content=\"Les nostres habitacions s\u2019adapten a les necessitats de cada visitant perqu\u00e8 construeixis la teva pr\u00f2pia experi\u00e8ncia.A totes les nostres habitacions t\u2019hi sentir\u00e0s d\u2019all\u00f2 m\u00e9s c\u00f2mode!A continuaci\u00f3 trobar\u00e0s tota la informaci\u00f3 per tal que trobis el teu espai ideal des de casa!\" \/>\n<meta property=\"og:url\" content=\"https:\/\/www.aranhostel.cat\/es\/aran-summer-camp\/\" \/>\n<meta property=\"og:site_name\" content=\"Aran Hostel\" \/>\n<meta property=\"article:modified_time\" content=\"2024-03-22T12:33:49+00:00\" \/>\n<meta property=\"og:image\" content=\"https:\/\/www.aranhostel.cat\/wp-content\/uploads\/2022\/01\/aran-hostel-salardu.png\" \/>\n\t<meta property=\"og:image:width\" content=\"429\" \/>\n\t<meta property=\"og:image:height\" content=\"95\" \/>\n\t<meta property=\"og:image:type\" content=\"image\/png\" \/>\n<meta name=\"twitter:card\" content=\"summary_large_image\" \/>\n<meta name=\"twitter:label1\" content=\"Tiempo de lectura\" \/>\n\t<meta name=\"twitter:data1\" content=\"9 minutos\" \/>\n<script type=\"application\/ld+json\" class=\"yoast-schema-graph\">{\"@context\":\"https:\\\/\\\/schema.org\",\"@graph\":[{\"@type\":\"WebPage\",\"@id\":\"https:\\\/\\\/www.aranhostel.cat\\\/es\\\/aran-summer-camp\\\/\",\"url\":\"https:\\\/\\\/www.aranhostel.cat\\\/es\\\/aran-summer-camp\\\/\",\"name\":\"Aran Summer Camp - Aran Hostel\",\"isPartOf\":{\"@id\":\"https:\\\/\\\/www.aranhostel.cat\\\/#website\"},\"primaryImageOfPage\":{\"@id\":\"https:\\\/\\\/www.aranhostel.cat\\\/es\\\/aran-summer-camp\\\/#primaryimage\"},\"image\":{\"@id\":\"https:\\\/\\\/www.aranhostel.cat\\\/es\\\/aran-summer-camp\\\/#primaryimage\"},\"thumbnailUrl\":\"https:\\\/\\\/placehold.co\\\/600x400\",\"datePublished\":\"2024-03-15T11:57:21+00:00\",\"dateModified\":\"2024-03-22T12:33:49+00:00\",\"description\":\"Les nostres habitacions s\u2019adapten a les necessitats de cada visitant perqu\u00e8 construeixis la teva pr\u00f2pia experi\u00e8ncia.A totes les nostres habitacions t\u2019hi sentir\u00e0s d\u2019all\u00f2 m\u00e9s c\u00f2mode!A continuaci\u00f3 trobar\u00e0s tota la informaci\u00f3 per tal que trobis el teu espai ideal des de casa!\",\"breadcrumb\":{\"@id\":\"https:\\\/\\\/www.aranhostel.cat\\\/es\\\/aran-summer-camp\\\/#breadcrumb\"},\"inLanguage\":\"es\",\"potentialAction\":[{\"@type\":\"ReadAction\",\"target\":[\"https:\\\/\\\/www.aranhostel.cat\\\/es\\\/aran-summer-camp\\\/\"]}]},{\"@type\":\"ImageObject\",\"inLanguage\":\"es\",\"@id\":\"https:\\\/\\\/www.aranhostel.cat\\\/es\\\/aran-summer-camp\\\/#primaryimage\",\"url\":\"https:\\\/\\\/placehold.co\\\/600x400\",\"contentUrl\":\"https:\\\/\\\/placehold.co\\\/600x400\"},{\"@type\":\"BreadcrumbList\",\"@id\":\"https:\\\/\\\/www.aranhostel.cat\\\/es\\\/aran-summer-camp\\\/#breadcrumb\",\"itemListElement\":[{\"@type\":\"ListItem\",\"position\":1,\"name\":\"Home\",\"item\":\"https:\\\/\\\/www.aranhostel.cat\\\/es\\\/\"},{\"@type\":\"ListItem\",\"position\":2,\"name\":\"Aran Summer Camp\"}]},{\"@type\":\"WebSite\",\"@id\":\"https:\\\/\\\/www.aranhostel.cat\\\/#website\",\"url\":\"https:\\\/\\\/www.aranhostel.cat\\\/\",\"name\":\"Aran Hostel\",\"description\":\"Al\u00f3jate en el coraz\u00f3n del Valle de Ar\u00e1n\",\"alternateName\":\"Allotja\u2019t al cor de la Vall d\u2019Aran\",\"potentialAction\":[{\"@type\":\"SearchAction\",\"target\":{\"@type\":\"EntryPoint\",\"urlTemplate\":\"https:\\\/\\\/www.aranhostel.cat\\\/?s={search_term_string}\"},\"query-input\":{\"@type\":\"PropertyValueSpecification\",\"valueRequired\":true,\"valueName\":\"search_term_string\"}}],\"inLanguage\":\"es\"}]}<\/script>\n<!-- \/ Yoast SEO plugin. -->","yoast_head_json":{"title":"Aran Summer Camp - Aran Hostel","description":"Les nostres habitacions s\u2019adapten a les necessitats de cada visitant perqu\u00e8 construeixis la teva pr\u00f2pia experi\u00e8ncia.A totes les nostres habitacions t\u2019hi sentir\u00e0s d\u2019all\u00f2 m\u00e9s c\u00f2mode!A continuaci\u00f3 trobar\u00e0s tota la informaci\u00f3 per tal que trobis el teu espai ideal des de casa!","robots":{"index":"index","follow":"follow","max-snippet":"max-snippet:-1","max-image-preview":"max-image-preview:large","max-video-preview":"max-video-preview:-1"},"canonical":"https:\/\/www.aranhostel.cat\/es\/aran-summer-camp\/","og_locale":"es_ES","og_type":"article","og_title":"Aran Summer Camp - Aran Hostel","og_description":"Les nostres habitacions s\u2019adapten a les necessitats de cada visitant perqu\u00e8 construeixis la teva pr\u00f2pia experi\u00e8ncia.A totes les nostres habitacions t\u2019hi sentir\u00e0s d\u2019all\u00f2 m\u00e9s c\u00f2mode!A continuaci\u00f3 trobar\u00e0s tota la informaci\u00f3 per tal que trobis el teu espai ideal des de casa!","og_url":"https:\/\/www.aranhostel.cat\/es\/aran-summer-camp\/","og_site_name":"Aran Hostel","article_modified_time":"2024-03-22T12:33:49+00:00","og_image":[{"width":429,"height":95,"url":"https:\/\/www.aranhostel.cat\/wp-content\/uploads\/2022\/01\/aran-hostel-salardu.png","type":"image\/png"}],"twitter_card":"summary_large_image","twitter_misc":{"Tiempo de lectura":"9 minutos"},"schema":{"@context":"https:\/\/schema.org","@graph":[{"@type":"WebPage","@id":"https:\/\/www.aranhostel.cat\/es\/aran-summer-camp\/","url":"https:\/\/www.aranhostel.cat\/es\/aran-summer-camp\/","name":"Aran Summer Camp - Aran Hostel","isPartOf":{"@id":"https:\/\/www.aranhostel.cat\/#website"},"primaryImageOfPage":{"@id":"https:\/\/www.aranhostel.cat\/es\/aran-summer-camp\/#primaryimage"},"image":{"@id":"https:\/\/www.aranhostel.cat\/es\/aran-summer-camp\/#primaryimage"},"thumbnailUrl":"https:\/\/placehold.co\/600x400","datePublished":"2024-03-15T11:57:21+00:00","dateModified":"2024-03-22T12:33:49+00:00","description":"Les nostres habitacions s\u2019adapten a les necessitats de cada visitant perqu\u00e8 construeixis la teva pr\u00f2pia experi\u00e8ncia.A totes les nostres habitacions t\u2019hi sentir\u00e0s d\u2019all\u00f2 m\u00e9s c\u00f2mode!A continuaci\u00f3 trobar\u00e0s tota la informaci\u00f3 per tal que trobis el teu espai ideal des de casa!","breadcrumb":{"@id":"https:\/\/www.aranhostel.cat\/es\/aran-summer-camp\/#breadcrumb"},"inLanguage":"es","potentialAction":[{"@type":"ReadAction","target":["https:\/\/www.aranhostel.cat\/es\/aran-summer-camp\/"]}]},{"@type":"ImageObject","inLanguage":"es","@id":"https:\/\/www.aranhostel.cat\/es\/aran-summer-camp\/#primaryimage","url":"https:\/\/placehold.co\/600x400","contentUrl":"https:\/\/placehold.co\/600x400"},{"@type":"BreadcrumbList","@id":"https:\/\/www.aranhostel.cat\/es\/aran-summer-camp\/#breadcrumb","itemListElement":[{"@type":"ListItem","position":1,"name":"Home","item":"https:\/\/www.aranhostel.cat\/es\/"},{"@type":"ListItem","position":2,"name":"Aran Summer Camp"}]},{"@type":"WebSite","@id":"https:\/\/www.aranhostel.cat\/#website","url":"https:\/\/www.aranhostel.cat\/","name":"Aran Hostel","description":"Al\u00f3jate en el coraz\u00f3n del Valle de Ar\u00e1n","alternateName":"Allotja\u2019t al cor de la Vall d\u2019Aran","potentialAction":[{"@type":"SearchAction","target":{"@type":"EntryPoint","urlTemplate":"https:\/\/www.aranhostel.cat\/?s={search_term_string}"},"query-input":{"@type":"PropertyValueSpecification","valueRequired":true,"valueName":"search_term_string"}}],"inLanguage":"es"}]}},"_links":{"self":[{"href":"https:\/\/www.aranhostel.cat\/es\/wp-json\/wp\/v2\/pages\/14165","targetHints":{"allow":["GET"]}}],"collection":[{"href":"https:\/\/www.aranhostel.cat\/es\/wp-json\/wp\/v2\/pages"}],"about":[{"href":"https:\/\/www.aranhostel.cat\/es\/wp-json\/wp\/v2\/types\/page"}],"author":[{"embeddable":true,"href":"https:\/\/www.aranhostel.cat\/es\/wp-json\/wp\/v2\/users\/4"}],"replies":[{"embeddable":true,"href":"https:\/\/www.aranhostel.cat\/es\/wp-json\/wp\/v2\/comments?post=14165"}],"version-history":[{"count":94,"href":"https:\/\/www.aranhostel.cat\/es\/wp-json\/wp\/v2\/pages\/14165\/revisions"}],"predecessor-version":[{"id":14344,"href":"https:\/\/www.aranhostel.cat\/es\/wp-json\/wp\/v2\/pages\/14165\/revisions\/14344"}],"wp:featuredmedia":[{"embeddable":true,"href":"https:\/\/www.aranhostel.cat\/es\/wp-json\/"}],"wp:attachment":[{"href":"https:\/\/www.aranhostel.cat\/es\/wp-json\/wp\/v2\/media?parent=14165"}],"curies":[{"name":"wp","href":"https:\/\/api.w.org\/{rel}","templated":true}]}}