{"id":11423,"date":"2022-01-24T10:27:16","date_gmt":"2022-01-24T08:27:16","guid":{"rendered":"https:\/\/www.aranhostel.cat\/historia\/"},"modified":"2023-03-28T12:50:40","modified_gmt":"2023-03-28T10:50:40","slug":"istoria","status":"publish","type":"page","link":"https:\/\/www.aranhostel.cat\/va\/istoria\/","title":{"rendered":"Istoria"},"content":{"rendered":"\t\t<div data-elementor-type=\"wp-page\" data-elementor-id=\"11423\" class=\"elementor elementor-11423 elementor-9156\" data-elementor-post-type=\"page\">\n\t\t\t\t\t\t<section class=\"elementor-section elementor-top-section elementor-element elementor-element-6262c074 elementor-section-boxed elementor-section-height-default elementor-section-height-default\" data-id=\"6262c074\" data-element_type=\"section\" data-e-type=\"section\">\n\t\t\t\t\t\t<div class=\"elementor-container elementor-column-gap-default\">\n\t\t\t\t\t<div class=\"elementor-column elementor-col-50 elementor-top-column elementor-element elementor-element-713be026\" data-id=\"713be026\" data-element_type=\"column\" data-e-type=\"column\">\n\t\t\t<div class=\"elementor-widget-wrap elementor-element-populated\">\n\t\t\t\t\t\t<div class=\"elementor-element elementor-element-fe5016a subtith1 elementor-widget elementor-widget-text-editor\" data-id=\"fe5016a\" data-element_type=\"widget\" data-e-type=\"widget\" data-widget_type=\"text-editor.default\">\n\t\t\t\t<div class=\"elementor-widget-container\">\n\t\t\t\t\t\t\t\t\t<h1>Istoria Aran Hostel<\/h1>\t\t\t\t\t\t\t\t<\/div>\n\t\t\t\t<\/div>\n\t\t\t\t<div class=\"elementor-element elementor-element-41234a5 title2 elementor-widget elementor-widget-heading\" data-id=\"41234a5\" data-element_type=\"widget\" data-e-type=\"widget\" data-widget_type=\"heading.default\">\n\t\t\t\t<div class=\"elementor-widget-container\">\n\t\t\t\t\t<h2 class=\"elementor-heading-title elementor-size-default\">Xalet Juli Soler i Santal\u00f3<\/h2>\t\t\t\t<\/div>\n\t\t\t\t<\/div>\n\t\t\t\t<div class=\"elementor-element elementor-element-21d0c785 elementor-widget elementor-widget-text-editor\" data-id=\"21d0c785\" data-element_type=\"widget\" data-e-type=\"widget\" data-widget_type=\"text-editor.default\">\n\t\t\t\t<div class=\"elementor-widget-container\">\n\t\t\t\t\t\t\t\t\t<p>Eth \u201cxalet\u201d Juli Soler i Santal\u00f3 siguec inaugurat en an 1971 en Salard\u00fa demp\u00fas de dus ans d\u2019\u00f2bres que sigueren finan\u00e7ades damb es aportacions des s\u00f2cis e s\u00f2cies deth \u201cCentre Excursionista de Catalunya\u201d (CEC).<\/p>\t\t\t\t\t\t\t\t<\/div>\n\t\t\t\t<\/div>\n\t\t\t\t\t<\/div>\n\t\t<\/div>\n\t\t\t\t<div class=\"elementor-column elementor-col-50 elementor-top-column elementor-element elementor-element-b7a8c00\" data-id=\"b7a8c00\" data-element_type=\"column\" data-e-type=\"column\">\n\t\t\t<div class=\"elementor-widget-wrap elementor-element-populated\">\n\t\t\t\t\t\t<div class=\"elementor-element elementor-element-12875f9 dsts elementor-widget elementor-widget-text-editor\" data-id=\"12875f9\" data-element_type=\"widget\" data-e-type=\"widget\" data-widget_type=\"text-editor.default\">\n\t\t\t\t<div class=\"elementor-widget-container\">\n\t\t\t\t\t\t\t\t\t<p>Pla\u00e7at a 1274 m\u00e8tres d\u2019altitud ei part deth hilat de refugis e \u201cxalets\u201d deth CEC.<\/p>\t\t\t\t\t\t\t\t<\/div>\n\t\t\t\t<\/div>\n\t\t\t\t\t<\/div>\n\t\t<\/div>\n\t\t\t\t\t<\/div>\n\t\t<\/section>\n\t\t\t\t<section class=\"elementor-section elementor-top-section elementor-element elementor-element-a46b04a elementor-section-boxed elementor-section-height-default elementor-section-height-default\" data-id=\"a46b04a\" data-element_type=\"section\" data-e-type=\"section\">\n\t\t\t\t\t\t<div class=\"elementor-container elementor-column-gap-default\">\n\t\t\t\t\t<div class=\"elementor-column elementor-col-50 elementor-top-column elementor-element elementor-element-a8a256d\" data-id=\"a8a256d\" data-element_type=\"column\" data-e-type=\"column\">\n\t\t\t<div class=\"elementor-widget-wrap elementor-element-populated\">\n\t\t\t\t\t\t<div class=\"elementor-element elementor-element-df2798b elementor-widget elementor-widget-image\" data-id=\"df2798b\" data-element_type=\"widget\" data-e-type=\"widget\" data-widget_type=\"image.default\">\n\t\t\t\t<div class=\"elementor-widget-container\">\n\t\t\t\t\t\t\t\t\t\t\t\t<figure class=\"wp-caption\">\n\t\t\t\t\t\t\t\t\t\t<img fetchpriority=\"high\" decoding=\"async\" width=\"1140\" height=\"704\" src=\"https:\/\/www.aranhostel.cat\/wp-content\/uploads\/2023\/02\/inauguracio-xalet-aran-hostel.jpg\" class=\"attachment-full size-full wp-image-11172\" alt=\"\" srcset=\"https:\/\/www.aranhostel.cat\/wp-content\/uploads\/2023\/02\/inauguracio-xalet-aran-hostel.jpg 1140w, https:\/\/www.aranhostel.cat\/wp-content\/uploads\/2023\/02\/inauguracio-xalet-aran-hostel-768x474.jpg 768w, https:\/\/www.aranhostel.cat\/wp-content\/uploads\/2023\/02\/inauguracio-xalet-aran-hostel-600x370.jpg 600w\" sizes=\"(max-width: 1140px) 100vw, 1140px\" \/>\t\t\t\t\t\t\t\t\t\t\t<figcaption class=\"widget-image-caption wp-caption-text\">1971, Inauguracion<\/figcaption>\n\t\t\t\t\t\t\t\t\t\t<\/figure>\n\t\t\t\t\t\t\t\t\t<\/div>\n\t\t\t\t<\/div>\n\t\t\t\t\t<\/div>\n\t\t<\/div>\n\t\t\t\t<div class=\"elementor-column elementor-col-50 elementor-top-column elementor-element elementor-element-9feeb8c\" data-id=\"9feeb8c\" data-element_type=\"column\" data-e-type=\"column\">\n\t\t\t<div class=\"elementor-widget-wrap elementor-element-populated\">\n\t\t\t\t\t\t<div class=\"elementor-element elementor-element-40cdcde elementor-widget elementor-widget-image\" data-id=\"40cdcde\" data-element_type=\"widget\" data-e-type=\"widget\" data-widget_type=\"image.default\">\n\t\t\t\t<div class=\"elementor-widget-container\">\n\t\t\t\t\t\t\t\t\t\t\t\t<figure class=\"wp-caption\">\n\t\t\t\t\t\t\t\t\t\t<img decoding=\"async\" width=\"1140\" height=\"704\" src=\"https:\/\/www.aranhostel.cat\/wp-content\/uploads\/2023\/02\/aran-hostel-val-aran-salardu.jpg\" class=\"attachment-full size-full wp-image-11174\" alt=\"\" srcset=\"https:\/\/www.aranhostel.cat\/wp-content\/uploads\/2023\/02\/aran-hostel-val-aran-salardu.jpg 1140w, https:\/\/www.aranhostel.cat\/wp-content\/uploads\/2023\/02\/aran-hostel-val-aran-salardu-768x474.jpg 768w, https:\/\/www.aranhostel.cat\/wp-content\/uploads\/2023\/02\/aran-hostel-val-aran-salardu-600x370.jpg 600w\" sizes=\"(max-width: 1140px) 100vw, 1140px\" \/>\t\t\t\t\t\t\t\t\t\t\t<figcaption class=\"widget-image-caption wp-caption-text\">2023, estat actuau<\/figcaption>\n\t\t\t\t\t\t\t\t\t\t<\/figure>\n\t\t\t\t\t\t\t\t\t<\/div>\n\t\t\t\t<\/div>\n\t\t\t\t\t<\/div>\n\t\t<\/div>\n\t\t\t\t\t<\/div>\n\t\t<\/section>\n\t\t\t\t<section class=\"elementor-section elementor-top-section elementor-element elementor-element-44af9d3 elementor-section-full_width elementor-section-height-default elementor-section-height-default\" data-id=\"44af9d3\" data-element_type=\"section\" data-e-type=\"section\" data-settings=\"{&quot;background_background&quot;:&quot;classic&quot;}\">\n\t\t\t\t\t\t<div class=\"elementor-container elementor-column-gap-default\">\n\t\t\t\t\t<div class=\"elementor-column elementor-col-100 elementor-top-column elementor-element elementor-element-6f4321b\" data-id=\"6f4321b\" data-element_type=\"column\" data-e-type=\"column\">\n\t\t\t<div class=\"elementor-widget-wrap elementor-element-populated\">\n\t\t\t\t\t\t<section class=\"elementor-section elementor-inner-section elementor-element elementor-element-af007b1 elementor-section-boxed elementor-section-height-default elementor-section-height-default\" data-id=\"af007b1\" data-element_type=\"section\" data-e-type=\"section\">\n\t\t\t\t\t\t<div class=\"elementor-container elementor-column-gap-default\">\n\t\t\t\t\t<div class=\"elementor-column elementor-col-50 elementor-inner-column elementor-element elementor-element-569b84b\" data-id=\"569b84b\" data-element_type=\"column\" data-e-type=\"column\">\n\t\t\t<div class=\"elementor-widget-wrap elementor-element-populated\">\n\t\t\t\t\t\t<div class=\"elementor-element elementor-element-7b55fd1 elementor-widget elementor-widget-image\" data-id=\"7b55fd1\" data-element_type=\"widget\" data-e-type=\"widget\" data-widget_type=\"image.default\">\n\t\t\t\t<div class=\"elementor-widget-container\">\n\t\t\t\t\t\t\t\t\t\t\t\t\t\t\t<img decoding=\"async\" width=\"1140\" height=\"704\" src=\"https:\/\/www.aranhostel.cat\/wp-content\/uploads\/2023\/02\/juli-soler-santalo-aran-hostel.jpg\" class=\"attachment-full size-full wp-image-11173\" alt=\"\" srcset=\"https:\/\/www.aranhostel.cat\/wp-content\/uploads\/2023\/02\/juli-soler-santalo-aran-hostel.jpg 1140w, https:\/\/www.aranhostel.cat\/wp-content\/uploads\/2023\/02\/juli-soler-santalo-aran-hostel-768x474.jpg 768w, https:\/\/www.aranhostel.cat\/wp-content\/uploads\/2023\/02\/juli-soler-santalo-aran-hostel-600x370.jpg 600w\" sizes=\"(max-width: 1140px) 100vw, 1140px\" \/>\t\t\t\t\t\t\t\t\t\t\t\t\t\t\t<\/div>\n\t\t\t\t<\/div>\n\t\t\t\t\t<\/div>\n\t\t<\/div>\n\t\t\t\t<div class=\"elementor-column elementor-col-50 elementor-inner-column elementor-element elementor-element-421901d\" data-id=\"421901d\" data-element_type=\"column\" data-e-type=\"column\">\n\t\t\t<div class=\"elementor-widget-wrap elementor-element-populated\">\n\t\t\t\t\t\t<div class=\"elementor-element elementor-element-d88f670 title2 wh elementor-widget elementor-widget-heading\" data-id=\"d88f670\" data-element_type=\"widget\" data-e-type=\"widget\" data-widget_type=\"heading.default\">\n\t\t\t\t<div class=\"elementor-widget-container\">\n\t\t\t\t\t<p class=\"elementor-heading-title elementor-size-default\">Pla\u00e7at a 1274 m\u00e8tres d\u2019altitud ei part deth hilat de refugis e \u201cxalets\u201d deth CEC.<\/p>\t\t\t\t<\/div>\n\t\t\t\t<\/div>\n\t\t\t\t<div class=\"elementor-element elementor-element-be771f3 wh elementor-widget elementor-widget-text-editor\" data-id=\"be771f3\" data-element_type=\"widget\" data-e-type=\"widget\" data-widget_type=\"text-editor.default\">\n\t\t\t\t<div class=\"elementor-widget-container\">\n\t\t\t\t\t\t\t\t\t<p>Juli Soler i Santal\u00f3 siguec un enginh\u00e8r, fot\u00f2graf, s\u00f2ci deth CEC e un gran montanhaire apassionat e encamorat dera nauta montanha. M\u00e8s concr\u00e8taments des montanhes dera Val d\u2019Aran, era Maladeta e deth Pallars.<\/p><p>\u00a0<\/p><p>Tan elevada \u00e8re era sua coneishen\u00e7a dera z\u00f2na que en an 1906 publiqu\u00e8c era prum\u00e8ra guida dera comarca damb eth t\u00edtol dera Val d\u2019Aran. Guida monogr\u00e0fica dera comarca. E un an m\u00e8s tard, en 1907, cre\u00e8c era estacion meterorologica de Vielha.<\/p><p>\u00a0<\/p><p>Siguec er impulsor deth refugi dera Renclusa (inaugurat en 1016) ath p\u00e8 der Aneto, era cresta m\u00e8s nauta deth Pirineu.<\/p>\t\t\t\t\t\t\t\t<\/div>\n\t\t\t\t<\/div>\n\t\t\t\t\t<\/div>\n\t\t<\/div>\n\t\t\t\t\t<\/div>\n\t\t<\/section>\n\t\t\t\t\t<\/div>\n\t\t<\/div>\n\t\t\t\t\t<\/div>\n\t\t<\/section>\n\t\t\t\t<section class=\"elementor-section elementor-top-section elementor-element elementor-element-eb718d1 elementor-section-boxed elementor-section-height-default elementor-section-height-default\" data-id=\"eb718d1\" data-element_type=\"section\" data-e-type=\"section\">\n\t\t\t\t\t\t<div class=\"elementor-container elementor-column-gap-default\">\n\t\t\t\t\t<div class=\"elementor-column elementor-col-100 elementor-top-column elementor-element elementor-element-9a7eb0e\" data-id=\"9a7eb0e\" data-element_type=\"column\" data-e-type=\"column\">\n\t\t\t<div class=\"elementor-widget-wrap elementor-element-populated\">\n\t\t\t\t\t\t<div class=\"elementor-element elementor-element-5a86279 title2 elementor-widget elementor-widget-heading\" data-id=\"5a86279\" data-element_type=\"widget\" data-e-type=\"widget\" data-widget_type=\"heading.default\">\n\t\t\t\t<div class=\"elementor-widget-container\">\n\t\t\t\t\t<p class=\"elementor-heading-title elementor-size-default\">Centre Excursionista de Catalunya<\/p>\t\t\t\t<\/div>\n\t\t\t\t<\/div>\n\t\t\t\t<section class=\"elementor-section elementor-inner-section elementor-element elementor-element-ce56159 elementor-section-boxed elementor-section-height-default elementor-section-height-default\" data-id=\"ce56159\" data-element_type=\"section\" data-e-type=\"section\">\n\t\t\t\t\t\t<div class=\"elementor-container elementor-column-gap-default\">\n\t\t\t\t\t<div class=\"elementor-column elementor-col-50 elementor-inner-column elementor-element elementor-element-f1be11f\" data-id=\"f1be11f\" data-element_type=\"column\" data-e-type=\"column\">\n\t\t\t<div class=\"elementor-widget-wrap elementor-element-populated\">\n\t\t\t\t\t\t<div class=\"elementor-element elementor-element-52777a8 elementor-widget elementor-widget-text-editor\" data-id=\"52777a8\" data-element_type=\"widget\" data-e-type=\"widget\" data-widget_type=\"text-editor.default\">\n\t\t\t\t<div class=\"elementor-widget-container\">\n\t\t\t\t\t\t\t\t\t<p><strong>Eth \u201cCentre Excursionista de Catalunya\u201d (CEC) ei ua entitat esporitua e culturau fondada en ans 1876 que compde, ena actualitat, damb m\u00e8s de 3.500 socis e un totau de 7 equipaments en territori.<\/strong><\/p><p><strong><br><\/strong><\/p>\n<p>En an 1877 se logue en Barcelona, en c\u00f2r deth Barri Gotic (en punt m\u00e8s naut dera Barcino romana), eth dusau estatge d\u2019ua bastissa deth segle XV a on gessien capitels de tres colomnes romanes deth temple d\u2019August, deth segle I.<\/p>\t\t\t\t\t\t\t\t<\/div>\n\t\t\t\t<\/div>\n\t\t\t\t<div class=\"elementor-element elementor-element-ae64959 elementor-widget elementor-widget-text-editor\" data-id=\"ae64959\" data-element_type=\"widget\" data-e-type=\"widget\" data-widget_type=\"text-editor.default\">\n\t\t\t\t<div class=\"elementor-widget-container\">\n\t\t\t\t\t\t\t\t\t<p>En aguest espaci ei a on encara i \u00e8 era sedenca sociau deth \u201cCentre Excursionista de Catalunya\u201d demp\u00fas que en an 1904 se deish\u00e8ssen ath descorbit, p\u00e8s \u00f2bres de reforma der espaci dirigit per Domenech i Montaner, totauments es tres colomnes deth temple d\u2019August, naut deth mont T\u00e0ber dera Barcino romana, en tot dar ath locau era caracter\u00edstica unica qu\u2019au\u00e9 manten damb orgulh. Demp\u00fas deth 1904 eth CEC s\u2019organiz\u00e8c en seccions, e entre eres era \u201cSecci\u00f3 d\u2019Esports de Muntanya\u201d populariz\u00e8c er alpinisme e es esports de nh\u00e8u.<\/p>\t\t\t\t\t\t\t\t<\/div>\n\t\t\t\t<\/div>\n\t\t\t\t<div class=\"elementor-element elementor-element-cf8a986 elementor-widget elementor-widget-text-editor\" data-id=\"cf8a986\" data-element_type=\"widget\" data-e-type=\"widget\" data-widget_type=\"text-editor.default\">\n\t\t\t\t<div class=\"elementor-widget-container\">\n\t\t\t\t\t\t\t\t\t<p>Entre es s\u00f2ns s\u00f2cis destaquen n\u00f2ms coma Pompeu Fabra, Jacint Verdaguer, C\u00e9sar August Torras, \u00c0ngel Guimer\u00e0, Santiago Rusi\u00f1ol, Josep Puig i Cadafalch, Dom\u00e8nech i Montaner, entre for\u00e7a d\u2019auti.<\/p>\n\t\t\t\t\t\t\t\t<\/div>\n\t\t\t\t<\/div>\n\t\t\t\t\t<\/div>\n\t\t<\/div>\n\t\t\t\t<div class=\"elementor-column elementor-col-50 elementor-inner-column elementor-element elementor-element-cc3b9d5\" data-id=\"cc3b9d5\" data-element_type=\"column\" data-e-type=\"column\">\n\t\t\t<div class=\"elementor-widget-wrap elementor-element-populated\">\n\t\t\t\t\t\t<div class=\"elementor-element elementor-element-059e203 elementor-widget elementor-widget-image\" data-id=\"059e203\" data-element_type=\"widget\" data-e-type=\"widget\" data-widget_type=\"image.default\">\n\t\t\t\t<div class=\"elementor-widget-container\">\n\t\t\t\t\t\t\t\t\t\t\t\t\t\t\t<img decoding=\"async\" src=\"https:\/\/www.aranhostel.cat\/wp-content\/uploads\/2023\/03\/historia-cec-aran-hostel.jpg\" title=\"historia-cec-aran-hostel\" alt=\"historia-cec-aran-hostel\" loading=\"lazy\" \/>\t\t\t\t\t\t\t\t\t\t\t\t\t\t\t<\/div>\n\t\t\t\t<\/div>\n\t\t\t\t\t<\/div>\n\t\t<\/div>\n\t\t\t\t\t<\/div>\n\t\t<\/section>\n\t\t\t\t\t<\/div>\n\t\t<\/div>\n\t\t\t\t\t<\/div>\n\t\t<\/section>\n\t\t\t\t<section class=\"elementor-section elementor-top-section elementor-element elementor-element-faddd26 elementor-section-full_width hiddenrow elementor-section-height-default elementor-section-height-default\" data-id=\"faddd26\" data-element_type=\"section\" data-e-type=\"section\">\n\t\t\t\t\t\t<div class=\"elementor-container elementor-column-gap-no\">\n\t\t\t\t\t<div class=\"elementor-column elementor-col-100 elementor-top-column elementor-element elementor-element-3c9a8bfa\" data-id=\"3c9a8bfa\" data-element_type=\"column\" data-e-type=\"column\">\n\t\t\t<div class=\"elementor-widget-wrap elementor-element-populated\">\n\t\t\t\t\t\t<div class=\"elementor-element elementor-element-74665c5f elementor-widget elementor-widget-st_sliders\" data-id=\"74665c5f\" data-element_type=\"widget\" data-e-type=\"widget\" data-widget_type=\"st_sliders.default\">\n\t\t\t\t<div class=\"elementor-widget-container\">\n\t\t\t\t\t        <div class=\"st-sliders style-1\" data-effect=\"creative\" data-slides-per-view=\"\" data-pagination=\"on\" data-navigation=\"on\" data-auto-play=\"off\" data-loop=\"true\" data-delay=\"\" data-center-slider=\"on\" data-style-slider=\"style-1\" data-space-between=\"30\" >\r\n            <div class=\"swiper-container\">\r\n                <div class=\"swiper-wrapper\">\r\n                                                <div class=\"swiper-slide\">\r\n                                <img decoding=\"async\" class=\"swiper-lazy\" src=\"https:\/\/homap-elementor.travelerwp.com\/wp-content\/uploads\/2022\/01\/gallary_6-1.jpg\" alt=\"Aran Hostel\">\r\n                            <\/div>\r\n                                                    <div class=\"swiper-slide\">\r\n                                <img decoding=\"async\" class=\"swiper-lazy\" src=\"https:\/\/homap-elementor.travelerwp.com\/wp-content\/uploads\/2022\/01\/gallary_5-1.jpg\" alt=\"Aran Hostel\">\r\n                            <\/div>\r\n                                                    <div class=\"swiper-slide\">\r\n                                <img decoding=\"async\" class=\"swiper-lazy\" src=\"https:\/\/homap-elementor.travelerwp.com\/wp-content\/uploads\/2022\/01\/gallary_4-1-1.jpg\" alt=\"Aran Hostel\">\r\n                            <\/div>\r\n                                                    <div class=\"swiper-slide\">\r\n                                <img decoding=\"async\" class=\"swiper-lazy\" src=\"https:\/\/homap-elementor.travelerwp.com\/wp-content\/uploads\/2022\/01\/gallary_3.jpg\" alt=\"Aran Hostel\">\r\n                            <\/div>\r\n                                                    <div class=\"swiper-slide\">\r\n                                <img decoding=\"async\" class=\"swiper-lazy\" src=\"https:\/\/homap-elementor.travelerwp.com\/wp-content\/uploads\/2022\/01\/gallary_2.jpg\" alt=\"Aran Hostel\">\r\n                            <\/div>\r\n                                                    <div class=\"swiper-slide\">\r\n                                <img decoding=\"async\" class=\"swiper-lazy\" src=\"https:\/\/homap-elementor.travelerwp.com\/wp-content\/uploads\/2022\/01\/gallary_1.jpg\" alt=\"Aran Hostel\">\r\n                            <\/div>\r\n                                        <\/div>\r\n\r\n\t\t\t\t<div class=\"swiper-pagination\"><\/div><div class=\"st-button-prev\"><span><\/span><\/div><div class=\"st-button-next\"><span><\/span><\/div>            <\/div>\r\n        <\/div>\r\n    \t\t\t\t<\/div>\n\t\t\t\t<\/div>\n\t\t\t\t<section class=\"elementor-section elementor-inner-section elementor-element elementor-element-8deb9c2 elementor-section-boxed elementor-section-height-default elementor-section-height-default\" data-id=\"8deb9c2\" data-element_type=\"section\" data-e-type=\"section\">\n\t\t\t\t\t\t<div class=\"elementor-container elementor-column-gap-default\">\n\t\t\t\t\t<div class=\"elementor-column elementor-col-33 elementor-inner-column elementor-element elementor-element-8c72c47\" data-id=\"8c72c47\" data-element_type=\"column\" data-e-type=\"column\">\n\t\t\t<div class=\"elementor-widget-wrap\">\n\t\t\t\t\t\t\t<\/div>\n\t\t<\/div>\n\t\t\t\t<div class=\"elementor-column elementor-col-33 elementor-inner-column elementor-element elementor-element-c57b5d0\" data-id=\"c57b5d0\" data-element_type=\"column\" data-e-type=\"column\">\n\t\t\t<div class=\"elementor-widget-wrap elementor-element-populated\">\n\t\t\t\t\t\t<div class=\"elementor-element elementor-element-3942d69 elementor-widget elementor-widget-heading\" data-id=\"3942d69\" data-element_type=\"widget\" data-e-type=\"widget\" data-widget_type=\"heading.default\">\n\t\t\t\t<div class=\"elementor-widget-container\">\n\t\t\t\t\t<h2 class=\"elementor-heading-title elementor-size-default\">Life at Traveler<\/h2>\t\t\t\t<\/div>\n\t\t\t\t<\/div>\n\t\t\t\t<div class=\"elementor-element elementor-element-92380fb elementor-align-center elementor-widget elementor-widget-button\" data-id=\"92380fb\" data-element_type=\"widget\" data-e-type=\"widget\" data-widget_type=\"button.default\">\n\t\t\t\t<div class=\"elementor-widget-container\">\n\t\t\t\t\t\t\t\t\t<div class=\"elementor-button-wrapper\">\n\t\t\t\t\t<a class=\"elementor-button elementor-button-link elementor-size-sm\" href=\"#\">\n\t\t\t\t\t\t<span class=\"elementor-button-content-wrapper\">\n\t\t\t\t\t\t\t\t\t<span class=\"elementor-button-text\">Join Our Team<\/span>\n\t\t\t\t\t<\/span>\n\t\t\t\t\t<\/a>\n\t\t\t\t<\/div>\n\t\t\t\t\t\t\t\t<\/div>\n\t\t\t\t<\/div>\n\t\t\t\t\t<\/div>\n\t\t<\/div>\n\t\t\t\t<div class=\"elementor-column elementor-col-33 elementor-inner-column elementor-element elementor-element-790572f\" data-id=\"790572f\" data-element_type=\"column\" data-e-type=\"column\">\n\t\t\t<div class=\"elementor-widget-wrap\">\n\t\t\t\t\t\t\t<\/div>\n\t\t<\/div>\n\t\t\t\t\t<\/div>\n\t\t<\/section>\n\t\t\t\t\t<\/div>\n\t\t<\/div>\n\t\t\t\t\t<\/div>\n\t\t<\/section>\n\t\t\t\t<\/div>\n\t\t","protected":false},"excerpt":{"rendered":"<p>Istoria Aran Hostel Xalet Juli Soler i Santal\u00f3 Eth \u201cxalet\u201d Juli Soler i Santal\u00f3 siguec inaugurat en an 1971 en Salard\u00fa demp\u00fas de dus ans d\u2019\u00f2bres que sigueren finan\u00e7ades damb es aportacions des s\u00f2cis e s\u00f2cies deth \u201cCentre Excursionista de Catalunya\u201d (CEC). Pla\u00e7at a 1274 m\u00e8tres d\u2019altitud ei part deth hilat de refugis e \u201cxalets\u201d [&hellip;]<\/p>\n","protected":false},"author":1,"featured_media":10971,"parent":0,"menu_order":0,"comment_status":"closed","ping_status":"closed","template":"template-fullwidth.php","meta":{"footnotes":""},"class_list":["post-11423","page","type-page","status-publish","has-post-thumbnail","hentry"],"yoast_head":"<!-- This site is optimized with the Yoast SEO plugin v27.4 - https:\/\/yoast.com\/product\/yoast-seo-wordpress\/ -->\n<title>Istoria - Aran Hostel<\/title>\n<meta name=\"robots\" content=\"index, follow, max-snippet:-1, max-image-preview:large, max-video-preview:-1\" \/>\n<link rel=\"canonical\" href=\"https:\/\/www.aranhostel.cat\/va\/istoria\/\" \/>\n<meta property=\"og:locale\" content=\"en_US\" \/>\n<meta property=\"og:type\" content=\"article\" \/>\n<meta property=\"og:title\" content=\"Istoria - Aran Hostel\" \/>\n<meta property=\"og:description\" content=\"Istoria Aran Hostel Xalet Juli Soler i Santal\u00f3 Eth \u201cxalet\u201d Juli Soler i Santal\u00f3 siguec inaugurat en an 1971 en Salard\u00fa demp\u00fas de dus ans d\u2019\u00f2bres que sigueren finan\u00e7ades damb es aportacions des s\u00f2cis e s\u00f2cies deth \u201cCentre Excursionista de Catalunya\u201d (CEC). Pla\u00e7at a 1274 m\u00e8tres d\u2019altitud ei part deth hilat de refugis e \u201cxalets\u201d [&hellip;]\" \/>\n<meta property=\"og:url\" content=\"https:\/\/www.aranhostel.cat\/va\/istoria\/\" \/>\n<meta property=\"og:site_name\" content=\"Aran Hostel\" \/>\n<meta property=\"article:modified_time\" content=\"2023-03-28T10:50:40+00:00\" \/>\n<meta property=\"og:image\" content=\"https:\/\/www.aranhostel.cat\/wp-content\/uploads\/2023\/02\/back-title.jpg\" \/>\n\t<meta property=\"og:image:width\" content=\"1141\" \/>\n\t<meta property=\"og:image:height\" content=\"370\" \/>\n\t<meta property=\"og:image:type\" content=\"image\/jpeg\" \/>\n<meta name=\"twitter:card\" content=\"summary_large_image\" \/>\n<meta name=\"twitter:label1\" content=\"Est. reading time\" \/>\n\t<meta name=\"twitter:data1\" content=\"7 minutes\" \/>\n<script type=\"application\/ld+json\" class=\"yoast-schema-graph\">{\"@context\":\"https:\\\/\\\/schema.org\",\"@graph\":[{\"@type\":\"WebPage\",\"@id\":\"https:\\\/\\\/www.aranhostel.cat\\\/va\\\/istoria\\\/\",\"url\":\"https:\\\/\\\/www.aranhostel.cat\\\/va\\\/istoria\\\/\",\"name\":\"Istoria - Aran Hostel\",\"isPartOf\":{\"@id\":\"https:\\\/\\\/www.aranhostel.cat\\\/#website\"},\"primaryImageOfPage\":{\"@id\":\"https:\\\/\\\/www.aranhostel.cat\\\/va\\\/istoria\\\/#primaryimage\"},\"image\":{\"@id\":\"https:\\\/\\\/www.aranhostel.cat\\\/va\\\/istoria\\\/#primaryimage\"},\"thumbnailUrl\":\"https:\\\/\\\/www.aranhostel.cat\\\/wp-content\\\/uploads\\\/2023\\\/02\\\/back-title.jpg\",\"datePublished\":\"2022-01-24T08:27:16+00:00\",\"dateModified\":\"2023-03-28T10:50:40+00:00\",\"breadcrumb\":{\"@id\":\"https:\\\/\\\/www.aranhostel.cat\\\/va\\\/istoria\\\/#breadcrumb\"},\"inLanguage\":\"va\",\"potentialAction\":[{\"@type\":\"ReadAction\",\"target\":[\"https:\\\/\\\/www.aranhostel.cat\\\/va\\\/istoria\\\/\"]}]},{\"@type\":\"ImageObject\",\"inLanguage\":\"va\",\"@id\":\"https:\\\/\\\/www.aranhostel.cat\\\/va\\\/istoria\\\/#primaryimage\",\"url\":\"https:\\\/\\\/www.aranhostel.cat\\\/wp-content\\\/uploads\\\/2023\\\/02\\\/back-title.jpg\",\"contentUrl\":\"https:\\\/\\\/www.aranhostel.cat\\\/wp-content\\\/uploads\\\/2023\\\/02\\\/back-title.jpg\",\"width\":1141,\"height\":370},{\"@type\":\"BreadcrumbList\",\"@id\":\"https:\\\/\\\/www.aranhostel.cat\\\/va\\\/istoria\\\/#breadcrumb\",\"itemListElement\":[{\"@type\":\"ListItem\",\"position\":1,\"name\":\"Home\",\"item\":\"https:\\\/\\\/www.aranhostel.cat\\\/va\\\/\"},{\"@type\":\"ListItem\",\"position\":2,\"name\":\"Istoria\"}]},{\"@type\":\"WebSite\",\"@id\":\"https:\\\/\\\/www.aranhostel.cat\\\/#website\",\"url\":\"https:\\\/\\\/www.aranhostel.cat\\\/\",\"name\":\"Aran Hostel\",\"description\":\"L\u00f2tja-te en c\u00f2r dera Val d\u2019Aran\",\"alternateName\":\"Allotja\u2019t al cor de la Vall d\u2019Aran\",\"potentialAction\":[{\"@type\":\"SearchAction\",\"target\":{\"@type\":\"EntryPoint\",\"urlTemplate\":\"https:\\\/\\\/www.aranhostel.cat\\\/?s={search_term_string}\"},\"query-input\":{\"@type\":\"PropertyValueSpecification\",\"valueRequired\":true,\"valueName\":\"search_term_string\"}}],\"inLanguage\":\"va\"}]}<\/script>\n<!-- \/ Yoast SEO plugin. -->","yoast_head_json":{"title":"Istoria - Aran Hostel","robots":{"index":"index","follow":"follow","max-snippet":"max-snippet:-1","max-image-preview":"max-image-preview:large","max-video-preview":"max-video-preview:-1"},"canonical":"https:\/\/www.aranhostel.cat\/va\/istoria\/","og_locale":"en_US","og_type":"article","og_title":"Istoria - Aran Hostel","og_description":"Istoria Aran Hostel Xalet Juli Soler i Santal\u00f3 Eth \u201cxalet\u201d Juli Soler i Santal\u00f3 siguec inaugurat en an 1971 en Salard\u00fa demp\u00fas de dus ans d\u2019\u00f2bres que sigueren finan\u00e7ades damb es aportacions des s\u00f2cis e s\u00f2cies deth \u201cCentre Excursionista de Catalunya\u201d (CEC). Pla\u00e7at a 1274 m\u00e8tres d\u2019altitud ei part deth hilat de refugis e \u201cxalets\u201d [&hellip;]","og_url":"https:\/\/www.aranhostel.cat\/va\/istoria\/","og_site_name":"Aran Hostel","article_modified_time":"2023-03-28T10:50:40+00:00","og_image":[{"width":1141,"height":370,"url":"https:\/\/www.aranhostel.cat\/wp-content\/uploads\/2023\/02\/back-title.jpg","type":"image\/jpeg"}],"twitter_card":"summary_large_image","twitter_misc":{"Est. reading time":"7 minutes"},"schema":{"@context":"https:\/\/schema.org","@graph":[{"@type":"WebPage","@id":"https:\/\/www.aranhostel.cat\/va\/istoria\/","url":"https:\/\/www.aranhostel.cat\/va\/istoria\/","name":"Istoria - Aran Hostel","isPartOf":{"@id":"https:\/\/www.aranhostel.cat\/#website"},"primaryImageOfPage":{"@id":"https:\/\/www.aranhostel.cat\/va\/istoria\/#primaryimage"},"image":{"@id":"https:\/\/www.aranhostel.cat\/va\/istoria\/#primaryimage"},"thumbnailUrl":"https:\/\/www.aranhostel.cat\/wp-content\/uploads\/2023\/02\/back-title.jpg","datePublished":"2022-01-24T08:27:16+00:00","dateModified":"2023-03-28T10:50:40+00:00","breadcrumb":{"@id":"https:\/\/www.aranhostel.cat\/va\/istoria\/#breadcrumb"},"inLanguage":"va","potentialAction":[{"@type":"ReadAction","target":["https:\/\/www.aranhostel.cat\/va\/istoria\/"]}]},{"@type":"ImageObject","inLanguage":"va","@id":"https:\/\/www.aranhostel.cat\/va\/istoria\/#primaryimage","url":"https:\/\/www.aranhostel.cat\/wp-content\/uploads\/2023\/02\/back-title.jpg","contentUrl":"https:\/\/www.aranhostel.cat\/wp-content\/uploads\/2023\/02\/back-title.jpg","width":1141,"height":370},{"@type":"BreadcrumbList","@id":"https:\/\/www.aranhostel.cat\/va\/istoria\/#breadcrumb","itemListElement":[{"@type":"ListItem","position":1,"name":"Home","item":"https:\/\/www.aranhostel.cat\/va\/"},{"@type":"ListItem","position":2,"name":"Istoria"}]},{"@type":"WebSite","@id":"https:\/\/www.aranhostel.cat\/#website","url":"https:\/\/www.aranhostel.cat\/","name":"Aran Hostel","description":"L\u00f2tja-te en c\u00f2r dera Val d\u2019Aran","alternateName":"Allotja\u2019t al cor de la Vall d\u2019Aran","potentialAction":[{"@type":"SearchAction","target":{"@type":"EntryPoint","urlTemplate":"https:\/\/www.aranhostel.cat\/?s={search_term_string}"},"query-input":{"@type":"PropertyValueSpecification","valueRequired":true,"valueName":"search_term_string"}}],"inLanguage":"va"}]}},"_links":{"self":[{"href":"https:\/\/www.aranhostel.cat\/va\/wp-json\/wp\/v2\/pages\/11423","targetHints":{"allow":["GET"]}}],"collection":[{"href":"https:\/\/www.aranhostel.cat\/va\/wp-json\/wp\/v2\/pages"}],"about":[{"href":"https:\/\/www.aranhostel.cat\/va\/wp-json\/wp\/v2\/types\/page"}],"author":[{"embeddable":true,"href":"https:\/\/www.aranhostel.cat\/va\/wp-json\/wp\/v2\/users\/1"}],"replies":[{"embeddable":true,"href":"https:\/\/www.aranhostel.cat\/va\/wp-json\/wp\/v2\/comments?post=11423"}],"version-history":[{"count":23,"href":"https:\/\/www.aranhostel.cat\/va\/wp-json\/wp\/v2\/pages\/11423\/revisions"}],"predecessor-version":[{"id":12735,"href":"https:\/\/www.aranhostel.cat\/va\/wp-json\/wp\/v2\/pages\/11423\/revisions\/12735"}],"wp:featuredmedia":[{"embeddable":true,"href":"https:\/\/www.aranhostel.cat\/va\/wp-json\/wp\/v2\/media\/10971"}],"wp:attachment":[{"href":"https:\/\/www.aranhostel.cat\/va\/wp-json\/wp\/v2\/media?parent=11423"}],"curies":[{"name":"wp","href":"https:\/\/api.w.org\/{rel}","templated":true}]}}